{"id":156,"date":"2018-11-25T19:51:40","date_gmt":"2018-11-25T18:51:40","guid":{"rendered":"https:\/\/fischer-messtechnik-2000.de\/?page_id=156"},"modified":"2019-11-26T21:27:52","modified_gmt":"2019-11-26T20:27:52","slug":"rauchmelder","status":"publish","type":"page","link":"https:\/\/fischer-messtechnik-2000.de\/index.php\/rauchmelder\/","title":{"rendered":"Rauchmelder"},"content":{"rendered":"\t\t<div data-elementor-type=\"wp-post\" data-elementor-id=\"156\" class=\"elementor elementor-156\">\n\t\t\t\t\t\t<section class=\"elementor-section elementor-top-section elementor-element elementor-element-5935fac elementor-section-boxed elementor-section-height-default elementor-section-height-default\" data-id=\"5935fac\" data-element_type=\"section\">\n\t\t\t\t\t\t<div class=\"elementor-container elementor-column-gap-default\">\n\t\t\t\t\t<div class=\"elementor-column elementor-col-100 elementor-top-column elementor-element elementor-element-1e1701c\" data-id=\"1e1701c\" data-element_type=\"column\">\n\t\t\t<div class=\"elementor-widget-wrap elementor-element-populated\">\n\t\t\t\t\t\t<div class=\"elementor-element elementor-element-cda501e elementor-widget elementor-widget-toggle\" data-id=\"cda501e\" data-element_type=\"widget\" data-widget_type=\"toggle.default\">\n\t\t\t\t<div class=\"elementor-widget-container\">\n\t\t\t\t\t\t\t<div class=\"elementor-toggle\">\n\t\t\t\t\t\t\t<div class=\"elementor-toggle-item\">\n\t\t\t\t\t<div id=\"elementor-tab-title-2151\" class=\"elementor-tab-title\" data-tab=\"1\" role=\"button\" aria-controls=\"elementor-tab-content-2151\" aria-expanded=\"false\">\n\t\t\t\t\t\t\t\t\t\t\t\t<span class=\"elementor-toggle-icon elementor-toggle-icon-left\" aria-hidden=\"true\">\n\t\t\t\t\t\t\t\t\t\t\t\t\t\t\t<span class=\"elementor-toggle-icon-closed\"><i class=\"fas fa-caret-right\"><\/i><\/span>\n\t\t\t\t\t\t\t\t<span class=\"elementor-toggle-icon-opened\"><i class=\"elementor-toggle-icon-opened fas fa-caret-up\"><\/i><\/span>\n\t\t\t\t\t\t\t\t\t\t\t\t\t<\/span>\n\t\t\t\t\t\t\t\t\t\t\t\t<a class=\"elementor-toggle-title\" tabindex=\"0\">Rauchmelder in Wohnungseigentumsanlagen (WEG)<\/a>\n\t\t\t\t\t<\/div>\n\n\t\t\t\t\t<div id=\"elementor-tab-content-2151\" class=\"elementor-tab-content elementor-clearfix\" data-tab=\"1\" role=\"region\" aria-labelledby=\"elementor-tab-title-2151\"><p><span style=\"font-family: arial, helvetica, sans-serif; font-size: 14pt;\">a) Wohnungseigent\u00fcmergemeinschaft:<\/span><\/p><p><span style=\"font-family: arial, helvetica, sans-serif; font-size: 14pt;\">Bei der Umsetzung der gesetzlichen Vorgaben handelt es sich um eine gemeinschaftsbezogene Pflicht i.S.d. \u00a7 10 Abs. 6 Satz 3 WEG, die gemeinsam zu erf\u00fcllen ist (Landgericht Hamburg, Az. 318 S 193\/10). Es ist nach unserer Auffassung nicht zu empfehlen, dass der WEG-Verwalter die Pflicht an die einzelnen Eigent\u00fcmer abgibt nach dem Motto &#8222;Ihr seid jeder einzeln f\u00fcr die Installation und Wartung der Rauchmelder verantwortlich&#8220;.<\/span><\/p><p><span style=\"font-family: arial, helvetica, sans-serif; font-size: 14pt;\">F\u00fcr NRW gilt Entsprechendes f\u00fcr die Installation der Rauchmelder und auch f\u00fcr die Wartung, es sein denn, der unmittelbare Besitzer hat die Wartungsverpflichtung bereits rechtswirksam \u00fcbernommen.<\/span><\/p><p><span style=\"font-family: arial, helvetica, sans-serif; font-size: 14pt;\">b) Verwalter:<\/span><\/p><p><span style=\"font-family: arial, helvetica, sans-serif; font-size: 14pt;\">Es wird die Meinung vertreten, dass den Verwalter auch eine Verkehrssicherungspflicht trifft, die unter Umst\u00e4nden eine Eigenhaftung ausl\u00f6sen kann. Um dieser Haftung zu entgehen, muss der Verwalter seine gesetzlichen (organschaftlichen) Kontroll-, Hinweis- und Organisationspflichten erf\u00fcllen und kann diese nicht an die einzelnen Eigent\u00fcmer \u00fcbertragen. Dies gilt auch f\u00fcr das Bundesland NRW!<\/span><\/p><p><span style=\"font-family: arial, helvetica, sans-serif; font-size: 14pt;\">c) Eigentumsverh\u00e4ltnisse an Rauchmeldern:<\/span><\/p><p><span style=\"font-family: arial, helvetica, sans-serif; font-size: 14pt;\">Rauchmelder geh\u00f6ren nach \u00a7 5 Abs. 2 WEG zwingend zum Gemeinschaftseigentum. Hiernach sind alle Teile des Geb\u00e4udes, die f\u00fcr dessen Bestand oder Sicherheit erforderlich sind, Gemeinschaftseigentum (OLG Frankfurt, ZMR 2009, 864, Amtsgericht Rendsburg, ZMR 2009, 239)<\/span><\/p><p><span style=\"font-family: arial, helvetica, sans-serif; font-size: 14pt;\">Beschlossene Rauchmelder in der WEG sind gemeinschaftliches Eigentum<\/span><\/p><p><span style=\"font-family: arial, helvetica, sans-serif; font-size: 14pt;\">In einem sehr praxisrelevanten Urteil hat der Bundesgerichtshof entschieden, dass Wohnungseigent\u00fcmer den Einbau von Rauchmeldern in Wohnungen jedenfalls dann beschlie\u00dfen k\u00f6nnen, wenn das Landesrecht eine entsprechende eigentumsbezogene Pflicht vorsieht.<\/span><\/p><p><span style=\"font-family: arial, helvetica, sans-serif; font-size: 14pt;\">Wurden Rauchmelder auf Grund eines Beschlusses der Wohnungseigent\u00fcmer angebracht, stehen diese nicht im Sondereigentum sondern sind stets Gemeinschaftseigentum (BGH, Urteil v. 08.02.2013, Az. V ZR 238\/11).<\/span><\/p><p><span style=\"font-family: arial, helvetica, sans-serif; font-size: 14pt;\">Gem\u00e4\u00df \u00a7 5 Abs. 2 WEG sind Teile des Geb\u00e4udes, die f\u00fcr dessen Bestand oder Sicherheit erforderlich sind, nicht Gegenstand des Sondereigentums, selbst wenn sie sich im Bereich der im Sondereigentum stehenden R\u00e4ume befinden.<\/span><\/p><p><span style=\"font-family: arial, helvetica, sans-serif; font-size: 14pt;\">Zu solchen Teilen z\u00e4hlen Rauchmelder jedenfalls dann, wenn sie gesetzlich vorgeschrieben sind, meint der BGH. Der Sicherheit des Geb\u00e4udes dienen n\u00e4mlich nicht nur Vorrichtungen, die es selbst vor Schaden bewahren, sondern vor allem auch Bestandteile, die Leib und Leben im Geb\u00e4ude befindlicher Personen sch\u00fctzen, wie etwa eine Rettungstreppe oder -leiter.<\/span><\/p><p><span style=\"font-family: arial, helvetica, sans-serif; font-size: 14pt;\">Da in einer Wohnung angebrachte Rauchmelder zudem alle Bewohner des Geb\u00e4udes vor den Folgen giftiger Gase zu sch\u00fctzen verm\u00f6gen und damit die Sicherheit des gesamten Geb\u00e4udes erh\u00f6hen, k\u00f6nne ihnen die Zuordnung zum Gemeinschaftseigentum auch nicht mit der Begr\u00fcndung abgesprochen werden, dass keine Pflicht bestehe, Rauchmelder im Bereich des Gemeinschaftseigentums anzubringen.<\/span><\/p><p><span style=\"font-family: arial, helvetica, sans-serif; font-size: 14pt;\">d) Kostenverteilung:<\/span><\/p><p><span style=\"font-family: arial, helvetica, sans-serif; font-size: 14pt;\">Da die Rauchmelder Gemeinschaftseigentum sind, sind auch die hierdurch anfallenden Kosten gemeinschaftliche Kosten. Ma\u00dfgeblich ist der in der Gemeinschaftseigentum vereinbarte Verteilschl\u00fcssel. Fehlt dieser, gereift \u00a7 16 Abs. 2 WEG. Dann erfolgt die Verteilung nach Miteigentumsanteilen.<\/span><\/p><p><span style=\"font-family: arial, helvetica, sans-serif; font-size: 14pt;\">e) Beschlusskompetenzen bez\u00fcglich Einbau:<\/span><\/p><p><span style=\"font-family: arial, helvetica, sans-serif; font-size: 14pt;\">Ist es rechtlich vorgeschrieben, dass Wohnungen mit Rauchmeldern nachger\u00fcstet werden m\u00fcssen, darf die Eigent\u00fcmergemeinschaft deren Einbau beschlie\u00dfen. Die dann angebrachten Alarmger\u00e4te geh\u00f6ren nicht dem einzelnen Eigent\u00fcmer, sondern sind Gemeinschaftseigentum der WEG (BGH, Urteil vom 08.02.2013; Az. V ZR 238\/11), siehe hierzu auch c) &#8222;Eigentumsverh\u00e4ltnisse an Rauchmeldern&#8220;.<\/span><\/p><p><span style=\"font-family: arial, helvetica, sans-serif; font-size: 14pt;\">Fehlt eine gesetzliche Einbaupflicht, handelt es sich um eine Ma\u00dfnahme nach \u00a7 22 Abs. 2 WEG, da die Installation von Rauchmeldern eine Modernisierungsma\u00dfnahme nach \u00a7 559 BGB ist. Hierzu ist allerdings eine doppelt qualifizierte Mehrheit (75%)<\/span><\/p><p><span style=\"font-family: arial, helvetica, sans-serif; font-size: 14pt;\">f) Reparatur:<\/span><\/p><p><span style=\"font-family: arial, helvetica, sans-serif; font-size: 14pt;\">Da die Rauchmelder Gemeinschaftseigentum sind, obliegt die Reparatur allen Wohnungseigent\u00fcmern und dem Verband gemeinschaftlich.<\/span><\/p><p><span style=\"font-family: arial, helvetica, sans-serif; font-size: 14pt;\">g) Zutrittsverschaffung gegen\u00fcber Sondereigent\u00fcmer:<\/span><\/p><p><span style=\"font-family: arial, helvetica, sans-serif; font-size: 14pt;\">Der Sondereigent\u00fcmer ist nach \u00a7 14 Nr. 4 1. Halbsatz WEG verpflichtet, das Betreten und die Benutzung der in seinem Sondereigentum stehenden Geb\u00e4udeteile zu gestatten, soweit dies zur Instandhaltung und Instandsetzung des Gemeinschaftseigentums erforderlich ist.<\/span><\/p><p><span style=\"font-family: arial, helvetica, sans-serif; font-size: 14pt;\">Das Betreten des Sondereigentums ist mit einer Frist von 7 bis 10 Tagen anzuk\u00fcndigen.<\/span><\/p><\/div>\n\t\t\t\t<\/div>\n\t\t\t\t\t\t\t<div class=\"elementor-toggle-item\">\n\t\t\t\t\t<div id=\"elementor-tab-title-2152\" class=\"elementor-tab-title\" data-tab=\"2\" role=\"button\" aria-controls=\"elementor-tab-content-2152\" aria-expanded=\"false\">\n\t\t\t\t\t\t\t\t\t\t\t\t<span class=\"elementor-toggle-icon elementor-toggle-icon-left\" aria-hidden=\"true\">\n\t\t\t\t\t\t\t\t\t\t\t\t\t\t\t<span class=\"elementor-toggle-icon-closed\"><i class=\"fas fa-caret-right\"><\/i><\/span>\n\t\t\t\t\t\t\t\t<span class=\"elementor-toggle-icon-opened\"><i class=\"elementor-toggle-icon-opened fas fa-caret-up\"><\/i><\/span>\n\t\t\t\t\t\t\t\t\t\t\t\t\t<\/span>\n\t\t\t\t\t\t\t\t\t\t\t\t<a class=\"elementor-toggle-title\" tabindex=\"0\">Umlagef\u00e4higkeit von Kosten auf den Mieter<\/a>\n\t\t\t\t\t<\/div>\n\n\t\t\t\t\t<div id=\"elementor-tab-content-2152\" class=\"elementor-tab-content elementor-clearfix\" data-tab=\"2\" role=\"region\" aria-labelledby=\"elementor-tab-title-2152\"><p><span style=\"font-family: arial, helvetica, sans-serif; font-size: 14pt;\">a) Miete<\/span><\/p><p><span style=\"font-family: arial, helvetica, sans-serif; font-size: 14pt;\">Nach einem Urteil des Landgerichts Magdeburg (abgedruckt in NJW 2012, Seite 544) sind die Mietkosten als sonstige Betriebskosten nach \u00a7 2 Nr. 17 BetrkV umlagef\u00e4hig, jedenfalls wenn dies vertraglich vereinbart ist. Die Rechtsfrage ist jedoch noch nicht abschlie\u00dfend gekl\u00e4rt.<\/span><\/p><p><span style=\"font-family: arial, helvetica, sans-serif; font-size: 14pt;\">Es gibt noch kein h\u00f6chstrichterliches Urteil, ob die Miete von Rauchmeldern umlagef\u00e4hig ist. Aus diesem Grund empfehlen wir im Mietvertrag gem\u00e4\u00df \u00a7 2 Nr. 17 BetrkV die Position &#8222;Kosten f\u00fcr die Miete Rauchmelder&#8220; als &#8222;sonstige Kosten&#8220; separat aufzunehmen.<\/span><\/p><p><span style=\"font-family: arial, helvetica, sans-serif; font-size: 14pt;\">Eine vorherige Mieteranh\u00f6rung muss bei der geplanten Anmietung von Rauchmeldern nicht durchgef\u00fchrt werden, da es hier an einer gesetzlichen Verpflichtung fehlt.<\/span><\/p><p><span style=\"font-family: arial, helvetica, sans-serif; font-size: 14pt;\">Beim \u00f6ffentlich gef\u00f6rderten Wohnungsbau jedoch gilt: Soweit Betriebskosten geltend gemacht werden, sind diese nach Art und H\u00f6he dem Mieter bei \u00dcberlassung der Wohnung bekanntzugeben.<\/span><\/p><p><span style=\"font-family: arial, helvetica, sans-serif; font-size: 14pt;\">b) Kauf der Ger\u00e4te<\/span><\/p><p><span style=\"font-family: arial, helvetica, sans-serif; font-size: 14pt;\">Nach \u00a7 559 BGB kann die j\u00e4hrliche Kaltmiete um 11% der f\u00fcr die Wohnung aufgewendeten Kosten erh\u00f6ht werden. Hierbei handelt es sich um eine Mieterh\u00f6hung und nicht um eine Umlage im Rahmen der Betriebskostenabrechnung.<\/span><\/p><p><span style=\"font-family: arial, helvetica, sans-serif; font-size: 14pt;\">c) Kosten der j\u00e4hrlichen Wartung<\/span><\/p><p><span style=\"font-family: arial, helvetica, sans-serif; font-size: 14pt;\">Die f\u00fcr Rauchmelder entstehenden Betriebskosten sind als sonstige Betriebskosten grunds\u00e4tzlich nach \u00a7 2 Nr. 17 BetrKV umlagef\u00e4hig.<\/span><\/p><p><span style=\"font-family: arial, helvetica, sans-serif; font-size: 14pt;\">Hiernach sind die Kosten einer regelm\u00e4\u00dfigen Funktionspr\u00fcfung von Rauchmeldern als Betriebskosten ansatzf\u00e4hig.<\/span><\/p><p><span style=\"font-family: arial, helvetica, sans-serif; font-size: 14pt;\">Eine solche Umlage muss jedoch explizit vereinbart sein! Das bedeutet, dass die einzelnen Positionen im Mietvertrag ausdr\u00fccklich genannt sein m\u00fcssen!<\/span><\/p><p><span style=\"font-family: arial, helvetica, sans-serif; font-size: 14pt;\">Sind die laufenden Kosten f\u00fcr Rauchmelder im Mietvertrag nicht aufgef\u00fchrt, zum Zeitpunkt des Mietvertragsabschlusses aber bereits angefallen, muss der Mieter die Kosten nicht tragen. Nach herrschender Meinung ergibt sich lediglich ein anderes Bild, wenn im Mietvertrag eine sog. &#8222;Mehrbelastungsabrede&#8220; enthalten ist und bei Abschluss des Mietvertrages Kosten f\u00fcr Rauchmelder noch nicht existierten, d.h. nach Abschluss des Mietvertrages erst neu entstanden sind.<\/span><\/p><p><span style=\"font-family: arial, helvetica, sans-serif; font-size: 14pt;\">Es empfiehlt sich daher folgende weitere Formulierung im Mietvertrag bzw. einer Zusatzvereinbarung hierzu:<\/span><\/p><p><span style=\"font-family: arial, helvetica, sans-serif; font-size: 14pt;\">&#8222;Die Kosten der laufenden j\u00e4hrlichen \u00dcberpr\u00fcfung nach der DIN 14676 sind sonstige Kosten i.S.d. \u00a7 2 Nr. 17 BetrkV und werden vom Mieter \u00fcbernommen.&#8220;<\/span><\/p><p><span style=\"font-family: arial, helvetica, sans-serif; font-size: 14pt;\">Die \u00fcberall erh\u00e4ltlichen Muster eines Standardmietvertrages zeigen oftmals, dass in vielen F\u00e4llen bereits Regelungen existieren, auf Basis derer der Vermieter ohne weitere Abstimmung mit den Mietern die Wartung \u00fcbernehmen kann.<\/span><\/p><p><span style=\"font-family: arial, helvetica, sans-serif; font-size: 14pt;\">Fehlt es allerdings an jeglicher Vereinbarung im Mietvertrag, d\u00fcrfte die Umlagef\u00e4higkeit nicht gegeben sein.<\/span><\/p><\/div>\n\t\t\t\t<\/div>\n\t\t\t\t\t\t\t\t<\/div>\n\t\t\t\t\t\t<\/div>\n\t\t\t\t<\/div>\n\t\t\t\t\t<\/div>\n\t\t<\/div>\n\t\t\t\t\t<\/div>\n\t\t<\/section>\n\t\t\t\t<\/div>\n\t\t","protected":false},"excerpt":{"rendered":"<p>Rauchmelder in Wohnungseigentumsanlagen (WEG) a) Wohnungseigent\u00fcmergemeinschaft: Bei der Umsetzung der gesetzlichen Vorgaben handelt es sich um eine gemeinschaftsbezogene Pflicht i.S.d. \u00a7 10 Abs. 6 Satz 3 WEG, die gemeinsam zu erf\u00fcllen ist (Landgericht Hamburg, Az. 318 S 193\/10). Es ist nach unserer Auffassung nicht zu empfehlen, dass der WEG-Verwalter die Pflicht an die einzelnen Eigent\u00fcmer [&hellip;]<\/p>\n","protected":false},"author":1,"featured_media":0,"parent":0,"menu_order":0,"comment_status":"closed","ping_status":"closed","template":"","meta":{"ocean_post_layout":"full-width","ocean_both_sidebars_style":"","ocean_both_sidebars_content_width":0,"ocean_both_sidebars_sidebars_width":0,"ocean_sidebar":"0","ocean_second_sidebar":"0","ocean_disable_margins":"enable","ocean_add_body_class":"","ocean_shortcode_before_top_bar":"","ocean_shortcode_after_top_bar":"","ocean_shortcode_before_header":"","ocean_shortcode_after_header":"","ocean_has_shortcode":"","ocean_shortcode_after_title":"","ocean_shortcode_before_footer_widgets":"","ocean_shortcode_after_footer_widgets":"","ocean_shortcode_before_footer_bottom":"","ocean_shortcode_after_footer_bottom":"","ocean_display_top_bar":"default","ocean_display_header":"default","ocean_header_style":"","ocean_center_header_left_menu":"0","ocean_custom_header_template":"0","ocean_custom_logo":0,"ocean_custom_retina_logo":0,"ocean_custom_logo_max_width":0,"ocean_custom_logo_tablet_max_width":0,"ocean_custom_logo_mobile_max_width":0,"ocean_custom_logo_max_height":0,"ocean_custom_logo_tablet_max_height":0,"ocean_custom_logo_mobile_max_height":0,"ocean_header_custom_menu":"0","ocean_menu_typo_font_family":"0","ocean_menu_typo_font_subset":"","ocean_menu_typo_font_size":0,"ocean_menu_typo_font_size_tablet":0,"ocean_menu_typo_font_size_mobile":0,"ocean_menu_typo_font_size_unit":"px","ocean_menu_typo_font_weight":"","ocean_menu_typo_font_weight_tablet":"","ocean_menu_typo_font_weight_mobile":"","ocean_menu_typo_transform":"","ocean_menu_typo_transform_tablet":"","ocean_menu_typo_transform_mobile":"","ocean_menu_typo_line_height":0,"ocean_menu_typo_line_height_tablet":0,"ocean_menu_typo_line_height_mobile":0,"ocean_menu_typo_line_height_unit":"","ocean_menu_typo_spacing":0,"ocean_menu_typo_spacing_tablet":0,"ocean_menu_typo_spacing_mobile":0,"ocean_menu_typo_spacing_unit":"","ocean_menu_link_color":"","ocean_menu_link_color_hover":"","ocean_menu_link_color_active":"","ocean_menu_link_background":"","ocean_menu_link_hover_background":"","ocean_menu_link_active_background":"","ocean_menu_social_links_bg":"","ocean_menu_social_hover_links_bg":"","ocean_menu_social_links_color":"","ocean_menu_social_hover_links_color":"","ocean_disable_title":"default","ocean_disable_heading":"default","ocean_post_title":"","ocean_post_subheading":"","ocean_post_title_style":"","ocean_post_title_background_color":"","ocean_post_title_background":0,"ocean_post_title_bg_image_position":"","ocean_post_title_bg_image_attachment":"","ocean_post_title_bg_image_repeat":"","ocean_post_title_bg_image_size":"","ocean_post_title_height":0,"ocean_post_title_bg_overlay":0.5,"ocean_post_title_bg_overlay_color":"","ocean_disable_breadcrumbs":"default","ocean_breadcrumbs_color":"","ocean_breadcrumbs_separator_color":"","ocean_breadcrumbs_links_color":"","ocean_breadcrumbs_links_hover_color":"","ocean_display_footer_widgets":"default","ocean_display_footer_bottom":"default","ocean_custom_footer_template":"0","footnotes":""},"class_list":["post-156","page","type-page","status-publish","hentry","entry"],"_links":{"self":[{"href":"https:\/\/fischer-messtechnik-2000.de\/index.php\/wp-json\/wp\/v2\/pages\/156","targetHints":{"allow":["GET"]}}],"collection":[{"href":"https:\/\/fischer-messtechnik-2000.de\/index.php\/wp-json\/wp\/v2\/pages"}],"about":[{"href":"https:\/\/fischer-messtechnik-2000.de\/index.php\/wp-json\/wp\/v2\/types\/page"}],"author":[{"embeddable":true,"href":"https:\/\/fischer-messtechnik-2000.de\/index.php\/wp-json\/wp\/v2\/users\/1"}],"replies":[{"embeddable":true,"href":"https:\/\/fischer-messtechnik-2000.de\/index.php\/wp-json\/wp\/v2\/comments?post=156"}],"version-history":[{"count":11,"href":"https:\/\/fischer-messtechnik-2000.de\/index.php\/wp-json\/wp\/v2\/pages\/156\/revisions"}],"predecessor-version":[{"id":676,"href":"https:\/\/fischer-messtechnik-2000.de\/index.php\/wp-json\/wp\/v2\/pages\/156\/revisions\/676"}],"wp:attachment":[{"href":"https:\/\/fischer-messtechnik-2000.de\/index.php\/wp-json\/wp\/v2\/media?parent=156"}],"curies":[{"name":"wp","href":"https:\/\/api.w.org\/{rel}","templated":true}]}}