{"id":36,"date":"2018-11-23T14:20:01","date_gmt":"2018-11-23T13:20:01","guid":{"rendered":"https:\/\/fischer-messtechnik-2000.de\/?page_id=36"},"modified":"2019-11-26T14:47:44","modified_gmt":"2019-11-26T13:47:44","slug":"anschaffung-geraetetechnik","status":"publish","type":"page","link":"https:\/\/fischer-messtechnik-2000.de\/index.php\/anschaffung-geraetetechnik\/","title":{"rendered":"Anschaffung Ger\u00e4tetechnik"},"content":{"rendered":"\t\t<div data-elementor-type=\"wp-post\" data-elementor-id=\"36\" class=\"elementor elementor-36\">\n\t\t\t\t\t\t<section class=\"elementor-section elementor-top-section elementor-element elementor-element-fb117b0 elementor-section-boxed elementor-section-height-default elementor-section-height-default\" data-id=\"fb117b0\" data-element_type=\"section\">\n\t\t\t\t\t\t<div class=\"elementor-container elementor-column-gap-default\">\n\t\t\t\t\t<div class=\"elementor-column elementor-col-100 elementor-top-column elementor-element elementor-element-0d73975\" data-id=\"0d73975\" data-element_type=\"column\">\n\t\t\t<div class=\"elementor-widget-wrap elementor-element-populated\">\n\t\t\t\t\t\t<div class=\"elementor-element elementor-element-73781eb elementor-widget elementor-widget-toggle\" data-id=\"73781eb\" data-element_type=\"widget\" data-widget_type=\"toggle.default\">\n\t\t\t\t<div class=\"elementor-widget-container\">\n\t\t\t\t\t\t\t<div class=\"elementor-toggle\">\n\t\t\t\t\t\t\t<div class=\"elementor-toggle-item\">\n\t\t\t\t\t<div id=\"elementor-tab-title-1211\" class=\"elementor-tab-title\" data-tab=\"1\" role=\"button\" aria-controls=\"elementor-tab-content-1211\" aria-expanded=\"false\">\n\t\t\t\t\t\t\t\t\t\t\t\t<span class=\"elementor-toggle-icon elementor-toggle-icon-left\" aria-hidden=\"true\">\n\t\t\t\t\t\t\t\t\t\t\t\t\t\t\t<span class=\"elementor-toggle-icon-closed\"><i class=\"fas fa-caret-right\"><\/i><\/span>\n\t\t\t\t\t\t\t\t<span class=\"elementor-toggle-icon-opened\"><i class=\"elementor-toggle-icon-opened fas fa-caret-up\"><\/i><\/span>\n\t\t\t\t\t\t\t\t\t\t\t\t\t<\/span>\n\t\t\t\t\t\t\t\t\t\t\t\t<a class=\"elementor-toggle-title\" tabindex=\"0\">Ger\u00e4temiete<\/a>\n\t\t\t\t\t<\/div>\n\n\t\t\t\t\t<div id=\"elementor-tab-content-1211\" class=\"elementor-tab-content elementor-clearfix\" data-tab=\"1\" role=\"region\" aria-labelledby=\"elementor-tab-title-1211\"><p><span style=\"font-family: arial, helvetica, sans-serif; font-size: 14pt; color: #000000;\">Fischer Messtechnik bietet alle Erfassungsger\u00e4te (Heizkostenverteiler, W\u00e4rmez\u00e4hler und Wasserz\u00e4hler) als Mietger\u00e4te an. Durch das Mietverfahren entstehen dem Geb\u00e4udeeigent\u00fcmer keine Investitionskosten und Fischer Messtechnik stellt \u00fcber die komplette Mietdauer die einwandfreie Funktion der Ger\u00e4te sicher.<\/span><\/p><p><span style=\"font-family: arial, helvetica, sans-serif; font-size: 14pt; color: #000000;\">Das Mieten von Messger\u00e4ten bietet Ihnen einen erheblichen Finanzierungsvorteil, da die Anschaffungskosten nicht einmalig aufgebracht werden m\u00fcssen, sondern mit einer fixen j\u00e4hrlichen Mietgeb\u00fchr pro Messger\u00e4t berechnet werden und innerhalb der W\u00e4rmekostenabrechnung auf die jeweiligen Nutzer umgelegt werden k\u00f6nnen.<\/span><\/p><\/div>\n\t\t\t\t<\/div>\n\t\t\t\t\t\t\t<div class=\"elementor-toggle-item\">\n\t\t\t\t\t<div id=\"elementor-tab-title-1212\" class=\"elementor-tab-title\" data-tab=\"2\" role=\"button\" aria-controls=\"elementor-tab-content-1212\" aria-expanded=\"false\">\n\t\t\t\t\t\t\t\t\t\t\t\t<span class=\"elementor-toggle-icon elementor-toggle-icon-left\" aria-hidden=\"true\">\n\t\t\t\t\t\t\t\t\t\t\t\t\t\t\t<span class=\"elementor-toggle-icon-closed\"><i class=\"fas fa-caret-right\"><\/i><\/span>\n\t\t\t\t\t\t\t\t<span class=\"elementor-toggle-icon-opened\"><i class=\"elementor-toggle-icon-opened fas fa-caret-up\"><\/i><\/span>\n\t\t\t\t\t\t\t\t\t\t\t\t\t<\/span>\n\t\t\t\t\t\t\t\t\t\t\t\t<a class=\"elementor-toggle-title\" tabindex=\"0\">Ger\u00e4tekauf<\/a>\n\t\t\t\t\t<\/div>\n\n\t\t\t\t\t<div id=\"elementor-tab-content-1212\" class=\"elementor-tab-content elementor-clearfix\" data-tab=\"2\" role=\"region\" aria-labelledby=\"elementor-tab-title-1212\"><p><span style=\"font-family: arial, helvetica, sans-serif; font-size: 14pt; color: #000000;\">Fischer Messtechnik bietet ebenso alle Erfassungsger\u00e4te zum Kauf an. Die Anschaffungskosten sind in diesem Fall nicht im Rahmen der Heizkostenabrechnung umlagef\u00e4hig. Bei Liegenschaften im frei finanzierten Wohnungsbau besteht die M\u00f6glichkeit die Kosten \u00fcber die Modernisierungsumlage gem. \u00a7 559 Absatz 1 BGB umzulegen. Hierbei werden die Kosten der Anschaffung als Erh\u00f6hung der j\u00e4hrlichen Wohnungskaltmiete um max. 11% der f\u00fcr die Wohnung aufgewendeten Investitionskosten auf den Mieter \u00fcbertragen.<\/span><\/p><\/div>\n\t\t\t\t<\/div>\n\t\t\t\t\t\t\t<div class=\"elementor-toggle-item\">\n\t\t\t\t\t<div id=\"elementor-tab-title-1213\" class=\"elementor-tab-title\" data-tab=\"3\" role=\"button\" aria-controls=\"elementor-tab-content-1213\" aria-expanded=\"false\">\n\t\t\t\t\t\t\t\t\t\t\t\t<span class=\"elementor-toggle-icon elementor-toggle-icon-left\" aria-hidden=\"true\">\n\t\t\t\t\t\t\t\t\t\t\t\t\t\t\t<span class=\"elementor-toggle-icon-closed\"><i class=\"fas fa-caret-right\"><\/i><\/span>\n\t\t\t\t\t\t\t\t<span class=\"elementor-toggle-icon-opened\"><i class=\"elementor-toggle-icon-opened fas fa-caret-up\"><\/i><\/span>\n\t\t\t\t\t\t\t\t\t\t\t\t\t<\/span>\n\t\t\t\t\t\t\t\t\t\t\t\t<a class=\"elementor-toggle-title\" tabindex=\"0\">Wartungsdienst\/Eichservice<\/a>\n\t\t\t\t\t<\/div>\n\n\t\t\t\t\t<div id=\"elementor-tab-content-1213\" class=\"elementor-tab-content elementor-clearfix\" data-tab=\"3\" role=\"region\" aria-labelledby=\"elementor-tab-title-1213\"><p><span style=\"font-family: arial, helvetica, sans-serif; font-size: 14pt; color: #000000;\">Sollten Sie sich f\u00fcr den Kauf der Messtechnik entscheiden, empfehlen wir den Abschluss eines Wartungsvertrages mit Fischer Messtechnik. Die Geb\u00fchren werden in Jahresraten berechnet. Mit den fixen j\u00e4hrlichen Raten werden die Messger\u00e4te vorfinanziert. W\u00e4hrend der kompletten Vertragsdauer stellt Fischer Messtechnik die einwandfreie Funktion der Ger\u00e4te ohne weitere Kosten sicher. Weiterhin erfolgt der automatische Austausch der Erfassungsger\u00e4te bei Ablauf der Eichg\u00fcltigkeit. Die Kosten f\u00fcr den Wartungsdienst k\u00f6nnen mit der j\u00e4hrlichen Heiz- und Betriebskostenabrechnung auf die Nutzer umgelegt werden.<\/span><\/p><\/div>\n\t\t\t\t<\/div>\n\t\t\t\t\t\t\t\t<\/div>\n\t\t\t\t\t\t<\/div>\n\t\t\t\t<\/div>\n\t\t\t\t\t<\/div>\n\t\t<\/div>\n\t\t\t\t\t<\/div>\n\t\t<\/section>\n\t\t\t\t<section class=\"elementor-section elementor-top-section elementor-element elementor-element-af96e03 elementor-section-boxed elementor-section-height-default elementor-section-height-default\" data-id=\"af96e03\" data-element_type=\"section\">\n\t\t\t\t\t\t<div class=\"elementor-container elementor-column-gap-default\">\n\t\t\t\t\t<div class=\"elementor-column elementor-col-100 elementor-top-column elementor-element elementor-element-197fa13\" data-id=\"197fa13\" data-element_type=\"column\">\n\t\t\t<div class=\"elementor-widget-wrap elementor-element-populated\">\n\t\t\t\t\t\t<div class=\"elementor-element elementor-element-2954647 elementor-widget elementor-widget-heading\" data-id=\"2954647\" data-element_type=\"widget\" data-widget_type=\"heading.default\">\n\t\t\t\t<div class=\"elementor-widget-container\">\n\t\t\t\t\t<h2 class=\"elementor-heading-title elementor-size-medium\"><strong><span style=\"font-family: arial, helvetica, sans-serif;color: #000000\">MessEG und Meldung der Messger\u00e4te an das zust\u00e4ndige Eichamt<\/span><\/strong><\/h2>\t\t\t\t<\/div>\n\t\t\t\t<\/div>\n\t\t\t\t\t<\/div>\n\t\t<\/div>\n\t\t\t\t\t<\/div>\n\t\t<\/section>\n\t\t\t\t<section class=\"elementor-section elementor-top-section elementor-element elementor-element-b5a9771 elementor-section-boxed elementor-section-height-default elementor-section-height-default\" data-id=\"b5a9771\" data-element_type=\"section\">\n\t\t\t\t\t\t<div class=\"elementor-container elementor-column-gap-default\">\n\t\t\t\t\t<div class=\"elementor-column elementor-col-100 elementor-top-column elementor-element elementor-element-36b30b4\" data-id=\"36b30b4\" data-element_type=\"column\">\n\t\t\t<div class=\"elementor-widget-wrap elementor-element-populated\">\n\t\t\t\t\t\t<div class=\"elementor-element elementor-element-5155572 elementor-widget elementor-widget-toggle\" data-id=\"5155572\" data-element_type=\"widget\" data-widget_type=\"toggle.default\">\n\t\t\t\t<div class=\"elementor-widget-container\">\n\t\t\t\t\t\t\t<div class=\"elementor-toggle\">\n\t\t\t\t\t\t\t<div class=\"elementor-toggle-item\">\n\t\t\t\t\t<div id=\"elementor-tab-title-8521\" class=\"elementor-tab-title\" data-tab=\"1\" role=\"button\" aria-controls=\"elementor-tab-content-8521\" aria-expanded=\"false\">\n\t\t\t\t\t\t\t\t\t\t\t\t<span class=\"elementor-toggle-icon elementor-toggle-icon-left\" aria-hidden=\"true\">\n\t\t\t\t\t\t\t\t\t\t\t\t\t\t\t<span class=\"elementor-toggle-icon-closed\"><i class=\"fas fa-caret-right\"><\/i><\/span>\n\t\t\t\t\t\t\t\t<span class=\"elementor-toggle-icon-opened\"><i class=\"elementor-toggle-icon-opened fas fa-caret-up\"><\/i><\/span>\n\t\t\t\t\t\t\t\t\t\t\t\t\t<\/span>\n\t\t\t\t\t\t\t\t\t\t\t\t<a class=\"elementor-toggle-title\" tabindex=\"0\">Neuregelung des gesetzlichen Messwesens (MessEG)<\/a>\n\t\t\t\t\t<\/div>\n\n\t\t\t\t\t<div id=\"elementor-tab-content-8521\" class=\"elementor-tab-content elementor-clearfix\" data-tab=\"1\" role=\"region\" aria-labelledby=\"elementor-tab-title-8521\"><p><span style=\"font-family: arial, helvetica, sans-serif; font-size: 14pt; color: #000000;\">Mit dem Inkrafttreten des neuen Mess- und Eichgesetzes und deren entsprechenden Rechtsformen zum 01.01.2015, erwarten die Geb\u00e4udeeigent\u00fcmer einige Neuerungen.<\/span><\/p><p><span style=\"font-family: arial, helvetica, sans-serif; font-size: 14pt; color: #000000;\">Rechtsformen sind u.a. die Eichkostenverordung (MKVO) und die Mess- und Eichverordnung (MessEV).<\/span><\/p><p><span style=\"font-family: arial, helvetica, sans-serif; font-size: 14pt; color: #000000;\">Was \u00e4ndert sich?<\/span><\/p><p><span style=\"font-family: arial, helvetica, sans-serif; font-size: 14pt; color: #000000;\">Die sogenannte Anzeigepflicht f\u00fcr neue und erneuerte Messger\u00e4te (speziell Wasser- und W\u00e4rmez\u00e4hler aller Gr\u00f6\u00dfen) gem\u00e4\u00df \u00a732 MessEG sowie die Ersteichung und die Kennzeichnung von Messger\u00e4ten.<\/span><\/p><p><span style=\"font-family: arial, helvetica, sans-serif; font-size: 14pt; color: #000000;\">Was \u00e4ndert sich nicht?<\/span><\/p><p><span style=\"font-family: arial, helvetica, sans-serif; font-size: 14pt; color: #000000;\">Die Eichfrist der Messger\u00e4te ist gleich geblieben.<\/span><\/p><ul><li><span style=\"font-family: arial, helvetica, sans-serif; font-size: 14pt; color: #000000;\">Kaltwasserz\u00e4hler 6 Jahre<\/span><\/li><li><span style=\"font-family: arial, helvetica, sans-serif; font-size: 14pt; color: #000000;\">Warmwasserz\u00e4hler 5 Jahre<\/span><\/li><li><span style=\"font-family: arial, helvetica, sans-serif; font-size: 14pt; color: #000000;\">W\u00e4rme- und K\u00e4ltez\u00e4hler 5 Jahre<\/span><\/li><\/ul><\/div>\n\t\t\t\t<\/div>\n\t\t\t\t\t\t\t<div class=\"elementor-toggle-item\">\n\t\t\t\t\t<div id=\"elementor-tab-title-8522\" class=\"elementor-tab-title\" data-tab=\"2\" role=\"button\" aria-controls=\"elementor-tab-content-8522\" aria-expanded=\"false\">\n\t\t\t\t\t\t\t\t\t\t\t\t<span class=\"elementor-toggle-icon elementor-toggle-icon-left\" aria-hidden=\"true\">\n\t\t\t\t\t\t\t\t\t\t\t\t\t\t\t<span class=\"elementor-toggle-icon-closed\"><i class=\"fas fa-caret-right\"><\/i><\/span>\n\t\t\t\t\t\t\t\t<span class=\"elementor-toggle-icon-opened\"><i class=\"elementor-toggle-icon-opened fas fa-caret-up\"><\/i><\/span>\n\t\t\t\t\t\t\t\t\t\t\t\t\t<\/span>\n\t\t\t\t\t\t\t\t\t\t\t\t<a class=\"elementor-toggle-title\" tabindex=\"0\">Hier finden Sie die zentralen Neuigkeiten zum MessEG im \u00dcberblick:<\/a>\n\t\t\t\t\t<\/div>\n\n\t\t\t\t\t<div id=\"elementor-tab-content-8522\" class=\"elementor-tab-content elementor-clearfix\" data-tab=\"2\" role=\"region\" aria-labelledby=\"elementor-tab-title-8522\"><p><span style=\"font-family: arial, helvetica, sans-serif; font-size: 14pt; color: #000000;\">Neuregelungen ab dem 01.01.2015<\/span><\/p><p><span style=\"font-family: arial, helvetica, sans-serif; font-size: 14pt; color: #000000;\">Anzeigepflicht nach \u00a7 32 MessEG<\/span><\/p><p><span style=\"font-family: arial, helvetica, sans-serif; font-size: 14pt; color: #000000;\">Der Verwender von Messger\u00e4ten wie Wasser- und W\u00e4rme- \/ K\u00e4ltez\u00e4hler hat sp\u00e4testens 6 Wochen nach\u00a0 dem Einbau bzw. Inbetriebnahme neuer bzw. erneuerter Ger\u00e4te, diese an die nach Landesrecht zust\u00e4ndige Eichbeh\u00f6rde zu melden.<\/span><\/p><p><span style=\"font-family: arial, helvetica, sans-serif; font-size: 14pt; color: #000000;\">Hintergrund ist die Umsetzung europarechtlicher Vorgaben in nationales Recht.<\/span><\/p><p><span style=\"font-family: arial, helvetica, sans-serif; font-size: 14pt; color: #000000;\">Die Eichbeh\u00f6rden\u00a0 sollen in die Lage versetzt werden, als \u00dcberwachungsbeh\u00f6rde entsprechend der europ\u00e4ischen Messger\u00e4terichtlinie Kenntnis \u00fcber die Art und die Anzahl der im Verkehr befindlichen Messger\u00e4te zu erlangen. Dar\u00fcber hinaus muss der Standort der Ger\u00e4te bekannt sein.<\/span><\/p><\/div>\n\t\t\t\t<\/div>\n\t\t\t\t\t\t\t<div class=\"elementor-toggle-item\">\n\t\t\t\t\t<div id=\"elementor-tab-title-8523\" class=\"elementor-tab-title\" data-tab=\"3\" role=\"button\" aria-controls=\"elementor-tab-content-8523\" aria-expanded=\"false\">\n\t\t\t\t\t\t\t\t\t\t\t\t<span class=\"elementor-toggle-icon elementor-toggle-icon-left\" aria-hidden=\"true\">\n\t\t\t\t\t\t\t\t\t\t\t\t\t\t\t<span class=\"elementor-toggle-icon-closed\"><i class=\"fas fa-caret-right\"><\/i><\/span>\n\t\t\t\t\t\t\t\t<span class=\"elementor-toggle-icon-opened\"><i class=\"elementor-toggle-icon-opened fas fa-caret-up\"><\/i><\/span>\n\t\t\t\t\t\t\t\t\t\t\t\t\t<\/span>\n\t\t\t\t\t\t\t\t\t\t\t\t<a class=\"elementor-toggle-title\" tabindex=\"0\">Gesetzestext \u00a7 32 MessEG<\/a>\n\t\t\t\t\t<\/div>\n\n\t\t\t\t\t<div id=\"elementor-tab-content-8523\" class=\"elementor-tab-content elementor-clearfix\" data-tab=\"3\" role=\"region\" aria-labelledby=\"elementor-tab-title-8523\"><p><span style=\"font-family: arial, helvetica, sans-serif; font-size: 14pt; color: #000000;\">Wer neue oder erneuerbare\u00a0 Messger\u00e4te verwendet, hat diese der nach Landesrecht zust\u00e4ndigen<\/span><\/p><p><span style=\"font-family: arial, helvetica, sans-serif; font-size: 14pt; color: #000000;\">Beh\u00f6rde sp\u00e4testens sechs Wochen nach Inbetriebnahme anzuzeigen.<\/span><\/p><p><span style=\"font-family: arial, helvetica, sans-serif; font-size: 14pt; color: #000000;\">Anzugeben sind:<\/span><\/p><p><span style=\"font-family: arial, helvetica, sans-serif; font-size: 14pt;\">1. die Ger\u00e4teart<\/span><\/p><p><span style=\"font-family: arial, helvetica, sans-serif; font-size: 14pt;\">2. der Hersteller<\/span><\/p><p><span style=\"font-family: arial, helvetica, sans-serif; font-size: 14pt;\">3. Typenbezeichnung<\/span><\/p><p><span style=\"font-family: arial, helvetica, sans-serif; font-size: 14pt;\">4. das Jahr der Kennzeichnung des Messger\u00e4tes<\/span><\/p><p><span style=\"font-family: arial, helvetica, sans-serif; font-size: 14pt; color: #000000;\">5. die Anschrift desjenigen, der das Messger\u00e4t verwendet<\/span><\/p><p><span style=\"font-family: arial, helvetica, sans-serif; font-size: 14pt; color: #000000;\">Der gesetzlich Verpflichtete ist nach \u00fcberwiegender Rechtsauffassung der Geb\u00e4udeeigent\u00fcmer bzw. die Wohnungseigent\u00fcmergemeinschaft und somit der gesetzlich Verpflichtete. Dieser kann\u00a0<\/span><span style=\"font-family: arial, helvetica, sans-serif; font-size: 14pt;\">die Meldung selbst \u00fcbernehmen oder einem Dienstleister, z.B. ein Messdienstunternehmen mit der Meldung beauftragen. Dieser hat auch dann die Vorhaltung der erforderlichen Ger\u00e4tedaten zu gew\u00e4hrleisten.<\/span><\/p><\/div>\n\t\t\t\t<\/div>\n\t\t\t\t\t\t\t<div class=\"elementor-toggle-item\">\n\t\t\t\t\t<div id=\"elementor-tab-title-8524\" class=\"elementor-tab-title\" data-tab=\"4\" role=\"button\" aria-controls=\"elementor-tab-content-8524\" aria-expanded=\"false\">\n\t\t\t\t\t\t\t\t\t\t\t\t<span class=\"elementor-toggle-icon elementor-toggle-icon-left\" aria-hidden=\"true\">\n\t\t\t\t\t\t\t\t\t\t\t\t\t\t\t<span class=\"elementor-toggle-icon-closed\"><i class=\"fas fa-caret-right\"><\/i><\/span>\n\t\t\t\t\t\t\t\t<span class=\"elementor-toggle-icon-opened\"><i class=\"elementor-toggle-icon-opened fas fa-caret-up\"><\/i><\/span>\n\t\t\t\t\t\t\t\t\t\t\t\t\t<\/span>\n\t\t\t\t\t\t\t\t\t\t\t\t<a class=\"elementor-toggle-title\" tabindex=\"0\">M\u00f6glichkeiten der Meldung:<\/a>\n\t\t\t\t\t<\/div>\n\n\t\t\t\t\t<div id=\"elementor-tab-content-8524\" class=\"elementor-tab-content elementor-clearfix\" data-tab=\"4\" role=\"region\" aria-labelledby=\"elementor-tab-title-8524\"><p><span style=\"font-family: arial, helvetica, sans-serif; font-size: 14pt; color: #000000;\">1. Einzelmeldung nach \u00a7 32 Abs. 1 MeesEG .<\/span><\/p><p><span style=\"font-family: arial, helvetica, sans-serif; font-size: 14pt; color: #000000;\">Die Einzelmeldung beinhaltet\u00a0 pro Ger\u00e4t folgende Angaben: \u00a0 \u00a0 \u00a0 \u00a0 \u00a0 \u00a0 \u00a0 \u00a0 \u00a0 \u00a0 \u00a0 \u00a0 \u00a0 \u00a0 \u00a0 \u00a0 \u00a0 \u00a0 \u00a0 \u00a0 \u00a0 \u00a0 \u00a0\u00a0<\/span><\/p><p><span style=\"font-family: arial, helvetica, sans-serif; font-size: 14pt; color: #000000;\">Ger\u00e4teart, Hersteller, Typbezeichnung, Jahr der Kennzeichnung, Anschrift des Ger\u00e4teverwenders<\/span><\/p><p><span style=\"font-family: arial, helvetica, sans-serif; font-size: 14pt; color: #000000;\">2. Sammelmeldung nach \u00a7 32 Abs. 2 MessEG<\/span><\/p><p><span style=\"font-family: arial, helvetica, sans-serif; font-size: 14pt; color: #000000;\">Wird diese Meldung angewendet, so ist es erforderlich, die Messger\u00e4teart welche ab dem 01.01.2015 erstmals verbaut wurde, zu melden. Gleichzeitig ist die Anschrift des Verwenders anzugeben. Daf\u00fcr ist ausreichend\u00a0 eine einmalige Meldung pro Verpflichtenden und pro Messger\u00e4teart. Auch f\u00fcr diese Art der Meldung sind die Ger\u00e4te auf Verlangen der Eichbeh\u00f6rde zur Verf\u00fcgung zu stellen.<\/span><\/p><p><span style=\"font-family: arial, helvetica, sans-serif; font-size: 14pt; color: #000000;\">Die Meldung kann per Mail, Fax oder Brief erfolgen.<\/span><\/p><p><span style=\"font-family: arial, helvetica, sans-serif; font-size: 14pt; color: #000000;\">Was versteht man im Detail unter denen nach \u00a7 32 Abs. 1 MessEG zu meldende Daten?<\/span><\/p><ul><li><span style=\"font-family: arial, helvetica, sans-serif; font-size: 14pt; color: #000000;\">Messger\u00e4te: Wasserz\u00e4hler, W\u00e4rmez\u00e4hler, K\u00e4ltez\u00e4hler<\/span><\/li><li><span style=\"font-family: arial, helvetica, sans-serif; font-size: 14pt; color: #000000;\">Hersteller: nach \u00a72 Abs. 6 MessEG ist der Hersteller derjenige, der ein Produkt herstellt oder herstellen l\u00e4sst und unter eigenem Namen vermarktet.<\/span><\/li><li><span style=\"font-family: arial, helvetica, sans-serif; font-size: 14pt; color: #000000;\">Typenbezeichnung: hier die genaue Typenspezifikation anzugeben, z.B. Aufputzz\u00e4hler 110 mm oder Messkapselz\u00e4hler\u00a0 2\u201c<\/span><\/li><li><span style=\"font-family: arial, helvetica, sans-serif; font-size: 14pt; color: #000000;\">Jahr der Kennzeichnung laut Beglaubigungsa<\/span><span style=\"font-family: arial, helvetica, sans-serif; font-size: 14pt; color: #000000;\">nschrift desjenigen, der das Messger\u00e4t verwendet: Hier ist die komplette Anschrift des Geb\u00e4udeeigent\u00fcmers oder Verwalters mit Namen und Adresse anzugeben. \u00a0 \u00a0 \u00a0 \u00a0 <\/span><\/li><\/ul><\/div>\n\t\t\t\t<\/div>\n\t\t\t\t\t\t\t<div class=\"elementor-toggle-item\">\n\t\t\t\t\t<div id=\"elementor-tab-title-8525\" class=\"elementor-tab-title\" data-tab=\"5\" role=\"button\" aria-controls=\"elementor-tab-content-8525\" aria-expanded=\"false\">\n\t\t\t\t\t\t\t\t\t\t\t\t<span class=\"elementor-toggle-icon elementor-toggle-icon-left\" aria-hidden=\"true\">\n\t\t\t\t\t\t\t\t\t\t\t\t\t\t\t<span class=\"elementor-toggle-icon-closed\"><i class=\"fas fa-caret-right\"><\/i><\/span>\n\t\t\t\t\t\t\t\t<span class=\"elementor-toggle-icon-opened\"><i class=\"elementor-toggle-icon-opened fas fa-caret-up\"><\/i><\/span>\n\t\t\t\t\t\t\t\t\t\t\t\t\t<\/span>\n\t\t\t\t\t\t\t\t\t\t\t\t<a class=\"elementor-toggle-title\" tabindex=\"0\">Verwendung ungeeichter Messger\u00e4te nach \u00a7\u00a7 31,33 MessEG<\/a>\n\t\t\t\t\t<\/div>\n\n\t\t\t\t\t<div id=\"elementor-tab-content-8525\" class=\"elementor-tab-content elementor-clearfix\" data-tab=\"5\" role=\"region\" aria-labelledby=\"elementor-tab-title-8525\"><p><span style=\"font-family: arial, helvetica, sans-serif; font-size: 14pt; color: #000000;\">Gem\u00e4\u00df den Vorgaben der \u00a7\u00a731 und 33 des MessEG d\u00fcrfen Messger\u00e4te nicht ungeeicht verwendet werden. Das hei\u00dft, die abgelesenen Messwerte\u00a0 d\u00fcrfen nicht f\u00fcr die Abrechnung herangezogen werden. Es muss eine Verbrauchssch\u00e4tzung erfolgen.<\/span><\/p><\/div>\n\t\t\t\t<\/div>\n\t\t\t\t\t\t\t<div class=\"elementor-toggle-item\">\n\t\t\t\t\t<div id=\"elementor-tab-title-8526\" class=\"elementor-tab-title\" data-tab=\"6\" role=\"button\" aria-controls=\"elementor-tab-content-8526\" aria-expanded=\"false\">\n\t\t\t\t\t\t\t\t\t\t\t\t<span class=\"elementor-toggle-icon elementor-toggle-icon-left\" aria-hidden=\"true\">\n\t\t\t\t\t\t\t\t\t\t\t\t\t\t\t<span class=\"elementor-toggle-icon-closed\"><i class=\"fas fa-caret-right\"><\/i><\/span>\n\t\t\t\t\t\t\t\t<span class=\"elementor-toggle-icon-opened\"><i class=\"elementor-toggle-icon-opened fas fa-caret-up\"><\/i><\/span>\n\t\t\t\t\t\t\t\t\t\t\t\t\t<\/span>\n\t\t\t\t\t\t\t\t\t\t\t\t<a class=\"elementor-toggle-title\" tabindex=\"0\">Bussgelder nach \u00a7 60 MessEG<\/a>\n\t\t\t\t\t<\/div>\n\n\t\t\t\t\t<div id=\"elementor-tab-content-8526\" class=\"elementor-tab-content elementor-clearfix\" data-tab=\"6\" role=\"region\" aria-labelledby=\"elementor-tab-title-8526\"><p><span style=\"font-family: arial, helvetica, sans-serif; font-size: 14pt; color: #000000;\">Der \u00a7 60 des MessEG regelt die Busgelder bei Nichteinhalten. Danach k\u00f6nnen bei Verwendung ungeeichter Messger\u00e4te von K\u00e4lte, W\u00e4rme und Wasser Bu\u00dfgelder bis zu 50.000 Euro aufgerufen werden. \u00a0 \u00a0 \u00a0\u00a0<\/span><\/p><\/div>\n\t\t\t\t<\/div>\n\t\t\t\t\t\t\t<div class=\"elementor-toggle-item\">\n\t\t\t\t\t<div id=\"elementor-tab-title-8527\" class=\"elementor-tab-title\" data-tab=\"7\" role=\"button\" aria-controls=\"elementor-tab-content-8527\" aria-expanded=\"false\">\n\t\t\t\t\t\t\t\t\t\t\t\t<span class=\"elementor-toggle-icon elementor-toggle-icon-left\" aria-hidden=\"true\">\n\t\t\t\t\t\t\t\t\t\t\t\t\t\t\t<span class=\"elementor-toggle-icon-closed\"><i class=\"fas fa-caret-right\"><\/i><\/span>\n\t\t\t\t\t\t\t\t<span class=\"elementor-toggle-icon-opened\"><i class=\"elementor-toggle-icon-opened fas fa-caret-up\"><\/i><\/span>\n\t\t\t\t\t\t\t\t\t\t\t\t\t<\/span>\n\t\t\t\t\t\t\t\t\t\t\t\t<a class=\"elementor-toggle-title\" tabindex=\"0\">Konformit\u00e4tsbewertung national geeichter Z\u00e4hler<\/a>\n\t\t\t\t\t<\/div>\n\n\t\t\t\t\t<div id=\"elementor-tab-content-8527\" class=\"elementor-tab-content elementor-clearfix\" data-tab=\"7\" role=\"region\" aria-labelledby=\"elementor-tab-title-8527\"><p><span style=\"font-family: arial, helvetica, sans-serif; font-size: 14pt; color: #000000;\">Das neue Mess- und Eichgesetz besagt, dass die Ersteichung von bis dato national geregelten Messger\u00e4ten seit dem 01. Januar 2015 durch eine Konformit\u00e4tsbewertung, analog der europ\u00e4ischen Richtlinie \u00fcber Messger\u00e4te (MID), ersetzt wurde.<\/span><\/p><p><span style=\"font-family: arial, helvetica, sans-serif; font-size: 14pt; color: #000000;\">Dies trifft insbesondere auf W\u00e4rmez\u00e4hler zu.<\/span><\/p><p><span style=\"font-family: arial, helvetica, sans-serif; font-size: 14pt; color: #000000;\">Von Bedeutung ist dies nur f\u00fcr uns als Messdienst. F\u00fcr unsere Kunden \u00e4ndert sich nichts.\u00a0<\/span><\/p><\/div>\n\t\t\t\t<\/div>\n\t\t\t\t\t\t\t<div class=\"elementor-toggle-item\">\n\t\t\t\t\t<div id=\"elementor-tab-title-8528\" class=\"elementor-tab-title\" data-tab=\"8\" role=\"button\" aria-controls=\"elementor-tab-content-8528\" aria-expanded=\"false\">\n\t\t\t\t\t\t\t\t\t\t\t\t<span class=\"elementor-toggle-icon elementor-toggle-icon-left\" aria-hidden=\"true\">\n\t\t\t\t\t\t\t\t\t\t\t\t\t\t\t<span class=\"elementor-toggle-icon-closed\"><i class=\"fas fa-caret-right\"><\/i><\/span>\n\t\t\t\t\t\t\t\t<span class=\"elementor-toggle-icon-opened\"><i class=\"elementor-toggle-icon-opened fas fa-caret-up\"><\/i><\/span>\n\t\t\t\t\t\t\t\t\t\t\t\t\t<\/span>\n\t\t\t\t\t\t\t\t\t\t\t\t<a class=\"elementor-toggle-title\" tabindex=\"0\">Kostenverordnung zum Mess- und Eichgesetz<\/a>\n\t\t\t\t\t<\/div>\n\n\t\t\t\t\t<div id=\"elementor-tab-content-8528\" class=\"elementor-tab-content elementor-clearfix\" data-tab=\"8\" role=\"region\" aria-labelledby=\"elementor-tab-title-8528\"><p><span style=\"font-family: arial, helvetica, sans-serif; font-size: 14pt; color: #000000;\">Die Eichkostenverordnung von 2013 soll im Rahmen der Neuordnung des gesetzlichen Messwesens im Jahre 2015 durch die Mess- und Eichkostenverordnung (MEKV) abgel\u00f6st werden.<\/span><\/p><p><span style=\"font-family: arial, helvetica, sans-serif; font-size: 14pt; color: #000000;\">Konkret hei\u00dft das, dass die Geb\u00fchrenordnung der bisher geltenden Eichkostenverordnung \u00fcberarbeitet wird.<\/span><\/p><p><span style=\"font-family: arial, helvetica, sans-serif; font-size: 14pt; color: #000000;\">Hintergrund dieser Neureglung ist die Feststellung, dass die derzeit erhobenen Geb\u00fchrens\u00e4tze nicht kostendeckend sind. Eine gesetzlich geforderte Deckung der Geb\u00fchrens\u00e4tze ist zu gew\u00e4hrleisten.<\/span><\/p><p><span style=\"font-family: arial, helvetica, sans-serif; font-size: 14pt; color: #000000;\">Um die nach dem Mess- und Eichgesetz vorgeschriebene Kostendeckung der geb\u00fchrenf\u00e4higen Leistungen zu gew\u00e4hrleisten, ist durch die Landesbeh\u00f6rde die Erh\u00f6hung der Geb\u00fchreneinnahmen um 30 % notwendig.<\/span><\/p><\/div>\n\t\t\t\t<\/div>\n\t\t\t\t\t\t\t\t<\/div>\n\t\t\t\t\t\t<\/div>\n\t\t\t\t<\/div>\n\t\t\t\t\t<\/div>\n\t\t<\/div>\n\t\t\t\t\t<\/div>\n\t\t<\/section>\n\t\t\t\t<\/div>\n\t\t","protected":false},"excerpt":{"rendered":"<p>Ger\u00e4temiete Fischer Messtechnik bietet alle Erfassungsger\u00e4te (Heizkostenverteiler, W\u00e4rmez\u00e4hler und Wasserz\u00e4hler) als Mietger\u00e4te an. Durch das Mietverfahren entstehen dem Geb\u00e4udeeigent\u00fcmer keine Investitionskosten und Fischer Messtechnik stellt \u00fcber die komplette Mietdauer die einwandfreie Funktion der Ger\u00e4te sicher. Das Mieten von Messger\u00e4ten bietet Ihnen einen erheblichen Finanzierungsvorteil, da die Anschaffungskosten nicht einmalig aufgebracht werden m\u00fcssen, sondern mit einer [&hellip;]<\/p>\n","protected":false},"author":1,"featured_media":0,"parent":0,"menu_order":0,"comment_status":"closed","ping_status":"closed","template":"","meta":{"ocean_post_layout":"full-width","ocean_both_sidebars_style":"","ocean_both_sidebars_content_width":0,"ocean_both_sidebars_sidebars_width":0,"ocean_sidebar":"0","ocean_second_sidebar":"0","ocean_disable_margins":"enable","ocean_add_body_class":"","ocean_shortcode_before_top_bar":"","ocean_shortcode_after_top_bar":"","ocean_shortcode_before_header":"","ocean_shortcode_after_header":"","ocean_has_shortcode":"","ocean_shortcode_after_title":"","ocean_shortcode_before_footer_widgets":"","ocean_shortcode_after_footer_widgets":"","ocean_shortcode_before_footer_bottom":"","ocean_shortcode_after_footer_bottom":"","ocean_display_top_bar":"default","ocean_display_header":"default","ocean_header_style":"","ocean_center_header_left_menu":"0","ocean_custom_header_template":"0","ocean_custom_logo":0,"ocean_custom_retina_logo":0,"ocean_custom_logo_max_width":0,"ocean_custom_logo_tablet_max_width":0,"ocean_custom_logo_mobile_max_width":0,"ocean_custom_logo_max_height":0,"ocean_custom_logo_tablet_max_height":0,"ocean_custom_logo_mobile_max_height":0,"ocean_header_custom_menu":"0","ocean_menu_typo_font_family":"0","ocean_menu_typo_font_subset":"","ocean_menu_typo_font_size":0,"ocean_menu_typo_font_size_tablet":0,"ocean_menu_typo_font_size_mobile":0,"ocean_menu_typo_font_size_unit":"px","ocean_menu_typo_font_weight":"","ocean_menu_typo_font_weight_tablet":"","ocean_menu_typo_font_weight_mobile":"","ocean_menu_typo_transform":"","ocean_menu_typo_transform_tablet":"","ocean_menu_typo_transform_mobile":"","ocean_menu_typo_line_height":0,"ocean_menu_typo_line_height_tablet":0,"ocean_menu_typo_line_height_mobile":0,"ocean_menu_typo_line_height_unit":"","ocean_menu_typo_spacing":0,"ocean_menu_typo_spacing_tablet":0,"ocean_menu_typo_spacing_mobile":0,"ocean_menu_typo_spacing_unit":"","ocean_menu_link_color":"","ocean_menu_link_color_hover":"","ocean_menu_link_color_active":"","ocean_menu_link_background":"","ocean_menu_link_hover_background":"","ocean_menu_link_active_background":"","ocean_menu_social_links_bg":"","ocean_menu_social_hover_links_bg":"","ocean_menu_social_links_color":"","ocean_menu_social_hover_links_color":"","ocean_disable_title":"default","ocean_disable_heading":"default","ocean_post_title":"","ocean_post_subheading":"","ocean_post_title_style":"","ocean_post_title_background_color":"","ocean_post_title_background":0,"ocean_post_title_bg_image_position":"","ocean_post_title_bg_image_attachment":"","ocean_post_title_bg_image_repeat":"","ocean_post_title_bg_image_size":"","ocean_post_title_height":0,"ocean_post_title_bg_overlay":0.5,"ocean_post_title_bg_overlay_color":"","ocean_disable_breadcrumbs":"default","ocean_breadcrumbs_color":"","ocean_breadcrumbs_separator_color":"","ocean_breadcrumbs_links_color":"","ocean_breadcrumbs_links_hover_color":"","ocean_display_footer_widgets":"default","ocean_display_footer_bottom":"default","ocean_custom_footer_template":"0","footnotes":""},"class_list":["post-36","page","type-page","status-publish","hentry","entry"],"_links":{"self":[{"href":"https:\/\/fischer-messtechnik-2000.de\/index.php\/wp-json\/wp\/v2\/pages\/36","targetHints":{"allow":["GET"]}}],"collection":[{"href":"https:\/\/fischer-messtechnik-2000.de\/index.php\/wp-json\/wp\/v2\/pages"}],"about":[{"href":"https:\/\/fischer-messtechnik-2000.de\/index.php\/wp-json\/wp\/v2\/types\/page"}],"author":[{"embeddable":true,"href":"https:\/\/fischer-messtechnik-2000.de\/index.php\/wp-json\/wp\/v2\/users\/1"}],"replies":[{"embeddable":true,"href":"https:\/\/fischer-messtechnik-2000.de\/index.php\/wp-json\/wp\/v2\/comments?post=36"}],"version-history":[{"count":27,"href":"https:\/\/fischer-messtechnik-2000.de\/index.php\/wp-json\/wp\/v2\/pages\/36\/revisions"}],"predecessor-version":[{"id":659,"href":"https:\/\/fischer-messtechnik-2000.de\/index.php\/wp-json\/wp\/v2\/pages\/36\/revisions\/659"}],"wp:attachment":[{"href":"https:\/\/fischer-messtechnik-2000.de\/index.php\/wp-json\/wp\/v2\/media?parent=36"}],"curies":[{"name":"wp","href":"https:\/\/api.w.org\/{rel}","templated":true}]}}