{"id":95,"date":"2018-11-25T18:22:46","date_gmt":"2018-11-25T17:22:46","guid":{"rendered":"https:\/\/fischer-messtechnik-2000.de\/?page_id=95"},"modified":"2018-11-25T18:22:46","modified_gmt":"2018-11-25T17:22:46","slug":"heizkostenverordnung","status":"publish","type":"page","link":"https:\/\/fischer-messtechnik-2000.de\/index.php\/heizkostenverordnung\/","title":{"rendered":"Heizkostenverordnung"},"content":{"rendered":"<h1><span style=\"font-family: arial, helvetica, sans-serif; color: #000000;\">Verordnung \u00fcber die verbrauchsabh\u00e4ngige Abrechnung der Heiz- und Warmwasserkosten\u00a0(Verordnung \u00fcber Heizkostenabrechnung \u2013 HeizkostenV)<\/span><\/h1>\n<p><span style=\"font-family: arial, helvetica, sans-serif; color: #000000;\">HeizkostenV<\/span><\/p>\n<p><span style=\"font-family: arial, helvetica, sans-serif; color: #000000;\">Ausfertigungsdatum: 23.02.1981<\/span><\/p>\n<p><span style=\"font-family: arial, helvetica, sans-serif; color: #000000;\">Vollzitat:<\/span><\/p>\n<p><span style=\"font-family: arial, helvetica, sans-serif; color: #000000;\">\u201eVerordnung \u00fcber Heizkostenabrechnung in der Fassung der Bekanntmachung vom 5. Oktober 2009 (BGBl. I S. 3250)\u201c<\/span><\/p>\n<table width=\"100%\">\n<tbody>\n<tr>\n<td width=\"212\"><span style=\"font-family: arial, helvetica, sans-serif; color: #000000;\">Stand:<\/span><\/td>\n<td width=\"430\"><span style=\"font-family: arial, helvetica, sans-serif; color: #000000;\">Neugefasst durch Bek. v. 5.10.2009 I 3250<\/span><\/td>\n<\/tr>\n<\/tbody>\n<\/table>\n<p><span style=\"font-family: arial, helvetica, sans-serif; color: #000000;\">N\u00e4heres zur Standangabe finden Sie im Men\u00fc unter<\/span><\/p>\n<p>&nbsp;<\/p>\n<h4><span style=\"font-family: arial, helvetica, sans-serif; color: #000000;\">Fu\u00dfnote<\/span><\/h4>\n<p><span style=\"font-family: arial, helvetica, sans-serif; color: #3366ff;\">(+++ Textnachweis Geltung ab: 1.5.1984 +++)<\/span><\/p>\n<p><span style=\"font-family: arial, helvetica, sans-serif; color: #3366ff;\">(+++ Ma\u00dfgaben aufgrund des EinigVtr vgl. HeizkostenV Anhang EV +++)<\/span><\/p>\n<p><span style=\"font-family: arial, helvetica, sans-serif; color: #3366ff;\">(+++ Amtlicher Hinweis des Normgebers auf EG-Recht:<\/span><\/p>\n<p><span style=\"font-family: arial, helvetica, sans-serif; color: #3366ff;\">\u00a0\u00a0\u00a0\u00a0 Umsetzung der<\/span><\/p>\n<p><span style=\"font-family: arial, helvetica, sans-serif; color: #3366ff;\">\u00a0\u00a0\u00a0\u00a0\u00a0\u00a0 EGRL 32\/2006 (CELEX Nr: 306L0032) vgl. V v. 2.12.2008 I 2375<\/span><\/p>\n<ol start=\"5\">\n<li><span style=\"font-family: arial, helvetica, sans-serif; color: #3366ff;\">Bek. v. 5.10.2009 I 3250 +++)<\/span><\/li>\n<\/ol>\n<p>&nbsp;<\/p>\n<p>&nbsp;<\/p>\n<p><span style=\"font-family: arial, helvetica, sans-serif; color: #000000;\">Diese Verordnung wurde aufgrund des \u00a7 2 Abs. 2 u. 3 sowie der \u00a7\u00a7 3a u. 5 des Energieeinsparungsgesetzes vom 22.7.1976 I 1873 von den Bundesministern f\u00fcr Wirtschaft u. f\u00fcr Raumordnung, Bauwesen und St\u00e4dtebau erlassen.<\/span><\/p>\n<p>&nbsp;<\/p>\n<h3><span style=\"font-family: arial, helvetica, sans-serif; color: #000000;\">\u00a7 1\u00a0Anwendungsbereich<\/span><\/h3>\n<p><span style=\"font-family: arial, helvetica, sans-serif; color: #000000;\">(1) Diese Verordnung gilt f\u00fcr die Verteilung der Kosten<\/span><\/p>\n<p><span style=\"font-family: arial, helvetica, sans-serif; color: #000000;\"><strong>1.<\/strong><\/span><\/p>\n<p><span style=\"font-family: arial, helvetica, sans-serif; color: #000000;\">des Betriebs zentraler Heizungsanlagen und zentraler Warmwasserversorgungsanlagen,<\/span><\/p>\n<p><span style=\"font-family: arial, helvetica, sans-serif; color: #000000;\"><strong>2.<\/strong><\/span><\/p>\n<p><span style=\"font-family: arial, helvetica, sans-serif; color: #000000;\">der eigenst\u00e4ndig gewerblichen Lieferung von W\u00e4rme und Warmwasser, auch aus Anlagen nach Nummer 1, (W\u00e4rmelieferung, Warmwasserlieferung)<\/span><\/p>\n<p><span style=\"font-family: arial, helvetica, sans-serif; color: #000000;\">durch den Geb\u00e4udeeigent\u00fcmer auf die Nutzer der mit W\u00e4rme oder Warmwasser versorgten R\u00e4ume.<\/span><\/p>\n<p><span style=\"font-family: arial, helvetica, sans-serif; color: #000000;\">(2) Dem Geb\u00e4udeeigent\u00fcmer stehen gleich<\/span><\/p>\n<p><span style=\"font-family: arial, helvetica, sans-serif; color: #000000;\"><strong>1.<\/strong><\/span><\/p>\n<p><span style=\"font-family: arial, helvetica, sans-serif; color: #000000;\">der zur Nutzungs\u00fcberlassung in eigenem Namen und f\u00fcr eigene Rechnung Berechtigte,<\/span><\/p>\n<p><span style=\"font-family: arial, helvetica, sans-serif; color: #000000;\"><strong>2.<\/strong><\/span><\/p>\n<p><span style=\"font-family: arial, helvetica, sans-serif; color: #000000;\">derjenige, dem der Betrieb von Anlagen im Sinne des \u00a7 1 Absatz 1 Nummer 1 in der Weise \u00fcbertragen worden ist, dass er daf\u00fcr ein Entgelt vom Nutzer zu fordern berechtigt ist,<\/span><\/p>\n<p><span style=\"font-family: arial, helvetica, sans-serif; color: #000000;\"><strong>3.<\/strong><\/span><\/p>\n<p><span style=\"font-family: arial, helvetica, sans-serif; color: #000000;\">beim Wohnungseigentum die Gemeinschaft der Wohnungseigent\u00fcmer im Verh\u00e4ltnis zum Wohnungseigent\u00fcmer, bei Vermietung einer oder mehrerer Eigentumswohnungen der Wohnungseigent\u00fcmer im Verh\u00e4ltnis zum Mieter.<\/span><\/p>\n<p><span style=\"font-family: arial, helvetica, sans-serif; color: #000000;\">(3) Diese Verordnung gilt auch f\u00fcr die Verteilung der Kosten der W\u00e4rmelieferung und Warmwasserlieferung auf die Nutzer der mit W\u00e4rme oder Warmwasser versorgten R\u00e4ume, soweit der Lieferer unmittelbar mit den Nutzern abrechnet und dabei nicht den f\u00fcr den einzelnen Nutzer gemessenen Verbrauch, sondern die Anteile der Nutzer am Gesamtverbrauch zu Grunde legt; in diesen F\u00e4llen gelten die Rechte und Pflichten des Geb\u00e4udeeigent\u00fcmers aus dieser Verordnung f\u00fcr den Lieferer.<\/span><\/p>\n<p><span style=\"font-family: arial, helvetica, sans-serif; color: #000000;\">(4) Diese Verordnung gilt auch f\u00fcr Mietverh\u00e4ltnisse \u00fcber preisgebundenen Wohnraum, soweit f\u00fcr diesen nichts anderes bestimmt ist.<\/span><\/p>\n<p>&nbsp;<\/p>\n<h3><span style=\"font-family: arial, helvetica, sans-serif; color: #000000;\">\u00a7 2\u00a0Vorrang vor rechtsgesch\u00e4ftlichen Bestimmungen<\/span><\/h3>\n<p><span style=\"font-family: arial, helvetica, sans-serif; color: #000000;\">Au\u00dfer bei Geb\u00e4uden mit nicht mehr als zwei Wohnungen, von denen eine der Vermieter selbst bewohnt, gehen die Vorschriften dieser Verordnung rechtsgesch\u00e4ftlichen Bestimmungen vor.<\/span><\/p>\n<p>&nbsp;<\/p>\n<h3><span style=\"font-family: arial, helvetica, sans-serif; color: #000000;\">\u00a7 3\u00a0Anwendung auf das Wohnungseigentum<\/span><\/h3>\n<p><span style=\"font-family: arial, helvetica, sans-serif; color: #000000;\">Die Vorschriften dieser Verordnung sind auf Wohnungseigentum anzuwenden unabh\u00e4ngig davon, ob durch Vereinbarung oder Beschluss der Wohnungseigent\u00fcmer abweichende Bestimmungen \u00fcber die Verteilung der Kosten der Versorgung mit W\u00e4rme und Warmwasser getroffen worden sind. Auf die Anbringung und Auswahl der Ausstattung nach den \u00a7\u00a7 4 und 5 sowie auf die Verteilung der Kosten und die sonstigen Entscheidungen des Geb\u00e4udeeigent\u00fcmers nach den \u00a7\u00a7 6 bis 9b und 11 sind die Regelungen entsprechend anzuwenden, die f\u00fcr die Verwaltung des gemeinschaftlichen Eigentums im Wohnungseigentumsgesetz enthalten oder durch Vereinbarung der Wohnungseigent\u00fcmer getroffen worden sind. Die Kosten f\u00fcr die Anbringung der Ausstattung sind entsprechend den dort vorgesehenen Regelungen \u00fcber die Tragung der Verwaltungskosten zu verteilen.<\/span><\/p>\n<p>&nbsp;<\/p>\n<h3><span style=\"font-family: arial, helvetica, sans-serif; color: #000000;\">\u00a7 4\u00a0Pflicht zur Verbrauchserfassung<\/span><\/h3>\n<p><span style=\"font-family: arial, helvetica, sans-serif; color: #000000;\">(1) Der Geb\u00e4udeeigent\u00fcmer hat den anteiligen Verbrauch der Nutzer an W\u00e4rme und Warmwasser zu erfassen.<\/span><\/p>\n<p><span style=\"font-family: arial, helvetica, sans-serif; color: #000000;\">(2) Er hat dazu die R\u00e4ume mit Ausstattungen zur Verbrauchserfassung zu versehen; die Nutzer haben dies zu dulden. Will der Geb\u00e4udeeigent\u00fcmer die Ausstattung zur Verbrauchserfassung mieten oder durch eine andere Art der Gebrauchs\u00fcberlassung beschaffen, so hat er dies den Nutzern vorher unter Angabe der dadurch entstehenden Kosten mitzuteilen; die Ma\u00dfnahme ist unzul\u00e4ssig, wenn die Mehrheit der Nutzer innerhalb eines Monats nach Zugang der Mitteilung widerspricht. Die Wahl der Ausstattung bleibt im Rahmen des \u00a7 5 dem Geb\u00e4udeeigent\u00fcmer \u00fcberlassen.<\/span><\/p>\n<p><span style=\"font-family: arial, helvetica, sans-serif; color: #000000;\">(3) Gemeinschaftlich genutzte R\u00e4ume sind von der Pflicht zur Verbrauchserfassung ausgenommen. Dies gilt nicht f\u00fcr Gemeinschaftsr\u00e4ume mit nutzungsbedingt hohem W\u00e4rme- oder Warmwasserverbrauch, wie Schwimmb\u00e4der oder Saunen.<\/span><\/p>\n<p><span style=\"font-family: arial, helvetica, sans-serif; color: #000000;\">(4) Der Nutzer ist berechtigt, vom Geb\u00e4udeeigent\u00fcmer die Erf\u00fcllung dieser Verpflichtungen zu verlangen.<\/span><\/p>\n<p>&nbsp;<\/p>\n<h3><span style=\"font-family: arial, helvetica, sans-serif; color: #000000;\">\u00a7 5\u00a0Ausstattung zur Verbrauchserfassung<\/span><\/h3>\n<p><span style=\"font-family: arial, helvetica, sans-serif; color: #000000;\">(1) Zur Erfassung des anteiligen W\u00e4rmeverbrauchs sind W\u00e4rmez\u00e4hler oder Heizkostenverteiler, zur Erfassung des anteiligen Warmwasserverbrauchs Warmwasserz\u00e4hler oder andere geeignete Ausstattungen zu verwenden. Soweit nicht eichrechtliche Bestimmungen zur Anwendung kommen, d\u00fcrfen nur solche Ausstattungen zur Verbrauchserfassung verwendet werden, hinsichtlich derer sachverst\u00e4ndige Stellen best\u00e4tigt haben, dass sie den anerkannten Regeln der Technik entsprechen oder dass ihre Eignung auf andere Weise nachgewiesen wurde. Als sachverst\u00e4ndige Stellen gelten nur solche Stellen, deren Eignung die nach Landesrecht zust\u00e4ndige Beh\u00f6rde im Benehmen mit der Physikalisch-Technischen Bundesanstalt best\u00e4tigt hat. Die Ausstattungen m\u00fcssen f\u00fcr das jeweilige Heizsystem geeignet sein und so angebracht werden, dass ihre technisch einwandfreie Funktion gew\u00e4hrleistet ist.<\/span><\/p>\n<p><span style=\"font-family: arial, helvetica, sans-serif; color: #000000;\">(2) Wird der Verbrauch der von einer Anlage im Sinne des \u00a7 1 Absatz 1 versorgten Nutzer nicht mit gleichen Ausstattungen erfasst, so sind zun\u00e4chst durch Vorerfassung vom Gesamtverbrauch die Anteile der Gruppen von Nutzern zu erfassen, deren Verbrauch mit gleichen Ausstattungen erfasst wird. Der Geb\u00e4udeeigent\u00fcmer kann auch bei unterschiedlichen Nutzungs- oder Geb\u00e4udearten oder aus anderen sachgerechten Gr\u00fcnden eine Vorerfassung nach Nutzergruppen durchf\u00fchren.<\/span><\/p>\n<p>&nbsp;<\/p>\n<h3><span style=\"font-family: arial, helvetica, sans-serif; color: #000000;\">\u00a7 6\u00a0Pflicht zur verbrauchsabh\u00e4ngigen Kostenverteilung<\/span><\/h3>\n<p><span style=\"font-family: arial, helvetica, sans-serif; color: #000000;\">(1) Der Geb\u00e4udeeigent\u00fcmer hat die Kosten der Versorgung mit W\u00e4rme und Warmwasser auf der Grundlage der Verbrauchserfassung nach Ma\u00dfgabe der \u00a7\u00a7 7 bis 9 auf die einzelnen Nutzer zu verteilen. Das Ergebnis der Ablesung soll dem Nutzer in der Regel innerhalb eines Monats mitgeteilt werden. Eine gesonderte Mitteilung ist nicht erforderlich, wenn das Ableseergebnis \u00fcber einen l\u00e4ngeren Zeitraum in den R\u00e4umen des Nutzers gespeichert ist und von diesem selbst abgerufen werden kann. Einer gesonderten Mitteilung des Warmwasserverbrauchs bedarf es auch dann nicht, wenn in der Nutzeinheit ein Warmwasserz\u00e4hler eingebaut ist.<\/span><\/p>\n<p><span style=\"font-family: arial, helvetica, sans-serif; color: #000000;\">(2) In den F\u00e4llen des \u00a7 5 Absatz 2 sind die Kosten zun\u00e4chst mindestens zu 50 vom Hundert nach dem Verh\u00e4ltnis der erfassten Anteile am Gesamtverbrauch auf die Nutzergruppen aufzuteilen. Werden die Kosten nicht vollst\u00e4ndig nach dem Verh\u00e4ltnis der erfassten Anteile am Gesamtverbrauch aufgeteilt, sind<\/span><\/p>\n<p><span style=\"font-family: arial, helvetica, sans-serif; color: #000000;\"><strong>1.<\/strong><\/span><\/p>\n<p><span style=\"font-family: arial, helvetica, sans-serif; color: #000000;\">die \u00fcbrigen Kosten der Versorgung mit W\u00e4rme nach der Wohn- oder Nutzfl\u00e4che oder nach dem umbauten Raum auf die einzelnen Nutzergruppen zu verteilen; es kann auch die Wohn- oder Nutzfl\u00e4che oder der umbaute Raum der beheizten R\u00e4ume zu Grunde gelegt werden,<\/span><\/p>\n<p><span style=\"font-family: arial, helvetica, sans-serif; color: #000000;\"><strong>2.<\/strong><\/span><\/p>\n<p><span style=\"font-family: arial, helvetica, sans-serif; color: #000000;\">die \u00fcbrigen Kosten der Versorgung mit Warmwasser nach der Wohn- oder Nutzfl\u00e4che auf die einzelnen Nutzergruppen zu verteilen.<\/span><\/p>\n<p><span style=\"font-family: arial, helvetica, sans-serif; color: #000000;\">Die Kostenanteile der Nutzergruppen sind dann nach Absatz 1 auf die einzelnen Nutzer zu verteilen.<\/span><\/p>\n<p><span style=\"font-family: arial, helvetica, sans-serif; color: #000000;\">(3) In den F\u00e4llen des \u00a7 4 Absatz 3 Satz 2 sind die Kosten nach dem Verh\u00e4ltnis der erfassten Anteile am Gesamtverbrauch auf die Gemeinschaftsr\u00e4ume und die \u00fcbrigen R\u00e4ume aufzuteilen. Die Verteilung der auf die Gemeinschaftsr\u00e4ume entfallenden anteiligen Kosten richtet sich nach rechtsgesch\u00e4ftlichen Bestimmungen.<\/span><\/p>\n<p><span style=\"font-family: arial, helvetica, sans-serif; color: #000000;\">(4) Die Wahl der Abrechnungsma\u00dfst\u00e4be nach Absatz 2 sowie nach \u00a7 7 Absatz 1 Satz 1, \u00a7\u00a7 8 und 9 bleibt dem Geb\u00e4udeeigent\u00fcmer \u00fcberlassen. Er kann diese f\u00fcr k\u00fcnftige Abrechnungszeitr\u00e4ume durch Erkl\u00e4rung gegen\u00fcber den Nutzern \u00e4ndern<\/span><\/p>\n<p><span style=\"font-family: arial, helvetica, sans-serif; color: #000000;\"><strong>1.<\/strong><\/span><\/p>\n<p><span style=\"font-family: arial, helvetica, sans-serif; color: #000000;\">bei der Einf\u00fchrung einer Vorerfassung nach Nutzergruppen,<\/span><\/p>\n<p><span style=\"font-family: arial, helvetica, sans-serif; color: #000000;\"><strong>2.<\/strong><\/span><\/p>\n<p><span style=\"font-family: arial, helvetica, sans-serif; color: #000000;\">nach Durchf\u00fchrung von baulichen Ma\u00dfnahmen, die nachhaltig Einsparungen von Heizenergie bewirken oder<\/span><\/p>\n<p><span style=\"font-family: arial, helvetica, sans-serif; color: #000000;\"><strong>3.<\/strong><\/span><\/p>\n<p><span style=\"font-family: arial, helvetica, sans-serif; color: #000000;\">aus anderen sachgerechten Gr\u00fcnden nach deren erstmaliger Bestimmung.<\/span><\/p>\n<p><span style=\"font-family: arial, helvetica, sans-serif; color: #000000;\">Die Festlegung und die \u00c4nderung der Abrechnungsma\u00dfst\u00e4be sind nur mit Wirkung zum Beginn eines Abrechnungszeitraumes zul\u00e4ssig.<\/span><\/p>\n<p>&nbsp;<\/p>\n<h3><span style=\"font-family: arial, helvetica, sans-serif; color: #000000;\">\u00a7 7\u00a0Verteilung der Kosten der Versorgung mit W\u00e4rme<\/span><\/h3>\n<p><span style=\"font-family: arial, helvetica, sans-serif; color: #000000;\">(1) Von den Kosten des Betriebs der zentralen Heizungsanlage sind mindestens 50 vom Hundert, h\u00f6chstens 70 vom Hundert nach dem erfassten W\u00e4rmeverbrauch der Nutzer zu verteilen. In Geb\u00e4uden, die das Anforderungsniveau der W\u00e4rmeschutzverordnung vom 16. August 1994 (BGBl. I S. 2121) nicht erf\u00fcllen, die mit einer \u00d6l- oder Gasheizung versorgt werden und in denen die freiliegenden Leitungen der W\u00e4rmeverteilung \u00fcberwiegend ged\u00e4mmt sind, sind von den Kosten des Betriebs der zentralen Heizungsanlage 70 vom Hundert nach dem erfassten W\u00e4rmeverbrauch der Nutzer zu verteilen. In Geb\u00e4uden, in denen die freiliegenden Leitungen der W\u00e4rmeverteilung \u00fcberwiegend unged\u00e4mmt sind und deswegen ein wesentlicher Anteil des W\u00e4rmeverbrauchs nicht erfasst wird, kann der W\u00e4rmeverbrauch der Nutzer nach anerkannten Regeln der Technik bestimmt werden. Der so bestimmte Verbrauch der einzelnen Nutzer wird als erfasster W\u00e4rmeverbrauch nach Satz 1 ber\u00fccksichtigt. Die \u00fcbrigen Kosten sind nach der Wohn- oder Nutzfl\u00e4che oder nach dem umbauten Raum zu verteilen; es kann auch die Wohn- oder Nutzfl\u00e4che oder der umbaute Raum der beheizten R\u00e4ume zu Grunde gelegt werden.<\/span><\/p>\n<p><span style=\"font-family: arial, helvetica, sans-serif; color: #000000;\">(2) Zu den Kosten des Betriebs der zentralen Heizungsanlage einschlie\u00dflich der Abgasanlage geh\u00f6ren die Kosten der verbrauchten Brennstoffe und ihrer Lieferung, die Kosten des Betriebsstromes, die Kosten der Bedienung, \u00dcberwachung und Pflege der Anlage, der regelm\u00e4\u00dfigen Pr\u00fcfung ihrer Betriebsbereitschaft und Betriebssicherheit einschlie\u00dflich der Einstellung durch eine Fachkraft, der Reinigung der Anlage und des Betriebsraumes, die Kosten der Messungen nach dem Bundes-Immissionsschutzgesetz, die Kosten der Anmietung oder anderer Arten der Gebrauchs\u00fcberlassung einer Ausstattung zur Verbrauchserfassung sowie die Kosten der Verwendung einer Ausstattung zur Verbrauchserfassung einschlie\u00dflich der Kosten der Eichung sowie der Kosten der Berechnung, Aufteilung und Verbrauchsanalyse. Die Verbrauchsanalyse sollte insbesondere die Entwicklung der Kosten f\u00fcr die Heizw\u00e4rme- und Warmwasserversorgung der vergangenen drei Jahre wiedergeben.<\/span><\/p>\n<p><span style=\"font-family: arial, helvetica, sans-serif; color: #000000;\">(3) F\u00fcr die Verteilung der Kosten der W\u00e4rmelieferung gilt Absatz 1 entsprechend.<\/span><\/p>\n<p><span style=\"font-family: arial, helvetica, sans-serif; color: #000000;\">(4) Zu den Kosten der W\u00e4rmelieferung geh\u00f6ren das Entgelt f\u00fcr die W\u00e4rmelieferung und die Kosten des Betriebs der zugeh\u00f6rigen Hausanlagen entsprechend Absatz 2.<\/span><\/p>\n<p>&nbsp;<\/p>\n<h3><span style=\"font-family: arial, helvetica, sans-serif; color: #000000;\">\u00a7 8\u00a0Verteilung der Kosten der Versorgung mit Warmwasser<\/span><\/h3>\n<p><span style=\"font-family: arial, helvetica, sans-serif; color: #000000;\">(1) Von den Kosten des Betriebs der zentralen Warmwasserversorgungsanlage sind mindestens 50 vom Hundert, h\u00f6chstens 70 vom Hundert nach dem erfassten Warmwasserverbrauch, die \u00fcbrigen Kosten nach der Wohn- oder Nutzfl\u00e4che zu verteilen.<\/span><\/p>\n<p><span style=\"font-family: arial, helvetica, sans-serif; color: #000000;\">(2) Zu den Kosten des Betriebs der zentralen Warmwasserversorgungsanlage geh\u00f6ren die Kosten der Wasserversorgung, soweit sie nicht gesondert abgerechnet werden, und die Kosten der Wassererw\u00e4rmung entsprechend \u00a7 7 Absatz 2. Zu den Kosten der Wasserversorgung geh\u00f6ren die Kosten des Wasserverbrauchs, die Grundgeb\u00fchren und die Z\u00e4hlermiete, die Kosten der Verwendung von Zwischenz\u00e4hlern, die Kosten des Betriebs einer hauseigenen Wasserversorgungsanlage und einer Wasseraufbereitungsanlage einschlie\u00dflich der Aufbereitungsstoffe.<\/span><\/p>\n<p><span style=\"font-family: arial, helvetica, sans-serif; color: #000000;\">(3) F\u00fcr die Verteilung der Kosten der Warmwasserlieferung gilt Absatz 1 entsprechend.<\/span><\/p>\n<p><span style=\"font-family: arial, helvetica, sans-serif; color: #000000;\">(4) Zu den Kosten der Warmwasserlieferung geh\u00f6ren das Entgelt f\u00fcr die Lieferung des Warmwassers und die Kosten des Betriebs der zugeh\u00f6rigen Hausanlagen entsprechend \u00a7 7 Absatz 2.<\/span><\/p>\n<p>&nbsp;<\/p>\n<h3><span style=\"font-family: arial, helvetica, sans-serif; color: #000000;\">\u00a7 9\u00a0Verteilung der Kosten der Versorgung mit W\u00e4rme und Warmwasser bei verbundenen Anlagen<\/span><\/h3>\n<p><span style=\"font-family: arial, helvetica, sans-serif; color: #000000;\">(1) Ist die zentrale Anlage zur Versorgung mit W\u00e4rme mit der zentralen Warmwasserversorgungsanlage verbunden, so sind die einheitlich entstandenen Kosten des Betriebs aufzuteilen. Die Anteile an den einheitlich entstandenen Kosten sind bei Anlagen mit Heizkesseln nach den Anteilen am Brennstoffverbrauch oder am Energieverbrauch, bei eigenst\u00e4ndiger gewerblicher W\u00e4rmelieferung nach den Anteilen am W\u00e4rmeverbrauch zu bestimmen. Kosten, die nicht einheitlich entstanden sind, sind dem Anteil an den einheitlich entstandenen Kosten hinzuzurechnen. Der Anteil der zentralen Anlage zur Versorgung mit W\u00e4rme ergibt sich aus dem gesamten Verbrauch nach Abzug des Verbrauchs der zentralen Warmwasserversorgungsanlage. Bei Anlagen, die weder durch Heizkessel noch durch eigenst\u00e4ndige gewerbliche W\u00e4rmelieferung mit W\u00e4rme versorgt werden, k\u00f6nnen anerkannte Regeln der Technik zur Aufteilung der Kosten verwendet werden. Der Anteil der zentralen Warmwasserversorgungsanlage am W\u00e4rmeverbrauch ist nach Absatz 2, der Anteil am Brennstoffverbrauch nach Absatz 3 zu ermitteln.<\/span><\/p>\n<p><span style=\"font-family: arial, helvetica, sans-serif; color: #000000;\">(2) Die auf die zentrale Warmwasserversorgungsanlage entfallende W\u00e4rmemenge (Q) ist ab dem 31. Dezember 2013 mit einem W\u00e4rmez\u00e4hler zu messen. Kann die W\u00e4rmemenge nur mit einem unzumutbar hohen Aufwand gemessen werden, kann sie nach der Gleichung<\/span><\/p>\n<table width=\"100%\">\n<tbody>\n<tr>\n<td rowspan=\"2\" width=\"192\"><span style=\"font-family: arial, helvetica, sans-serif; color: #000000;\">Q\u00a0=\u00a02,5\u00a0\u00b7<\/span><\/td>\n<td width=\"131\"><span style=\"font-family: arial, helvetica, sans-serif; color: #000000;\">kWh<\/span><\/td>\n<td rowspan=\"2\" width=\"320\"><span style=\"font-family: arial, helvetica, sans-serif; color: #000000;\">\u00a0\u00b7\u00a0V\u00a0\u00b7\u00a0(tw\u00a0\u2013\u00a010\u00a0\u00b0C)<\/span><\/td>\n<\/tr>\n<tr>\n<td width=\"131\"><span style=\"font-family: arial, helvetica, sans-serif; color: #000000;\">m3\u00a0\u00b7\u00a0K<\/span><\/td>\n<\/tr>\n<\/tbody>\n<\/table>\n<p><span style=\"font-family: arial, helvetica, sans-serif; color: #000000;\">bestimmt werden. Dabei sind zu Grunde zu legen<\/span><\/p>\n<p><span style=\"font-family: arial, helvetica, sans-serif; color: #000000;\"><strong>1.<\/strong><\/span><\/p>\n<p><span style=\"font-family: arial, helvetica, sans-serif; color: #000000;\">das gemessene Volumen des verbrauchten Warmwassers (V) in Kubikmetern (m3);<\/span><\/p>\n<p><span style=\"font-family: arial, helvetica, sans-serif; color: #000000;\"><strong>2.<\/strong><\/span><\/p>\n<p><span style=\"font-family: arial, helvetica, sans-serif; color: #000000;\">die gemessene oder gesch\u00e4tzte mittlere Temperatur des Warmwassers (tw) in Grad Celsius (\u00b0C).<\/span><\/p>\n<p><span style=\"font-family: arial, helvetica, sans-serif; color: #000000;\">Wenn in Ausnahmef\u00e4llen weder die W\u00e4rmemenge noch das Volumen des verbrauchten Warmwassers gemessen werden k\u00f6nnen, kann die auf die zentrale Warmwasserversorgungsanlage entfallende W\u00e4rmemenge nach folgender Gleichung bestimmt werden<\/span><\/p>\n<table width=\"100%\">\n<tbody>\n<tr>\n<td rowspan=\"2\" width=\"222\"><span style=\"font-family: arial, helvetica, sans-serif; color: #000000;\">Q\u00a0=\u00a032\u00a0\u00b7<\/span><\/td>\n<td width=\"224\"><span style=\"font-family: arial, helvetica, sans-serif; color: #000000;\">kWh<\/span><\/td>\n<td rowspan=\"2\" width=\"197\"><span style=\"font-family: arial, helvetica, sans-serif; color: #000000;\">\u00a0\u00b7\u00a0AWohn<\/span><\/td>\n<\/tr>\n<tr>\n<td width=\"224\"><span style=\"font-family: arial, helvetica, sans-serif; color: #000000;\">m2\u00a0AWohn<\/span><\/td>\n<\/tr>\n<\/tbody>\n<\/table>\n<p><span style=\"font-family: arial, helvetica, sans-serif; color: #000000;\">Dabei ist die durch die zentrale Anlage mit Warmwasser versorgte Wohn- oder Nutzfl\u00e4che (AWohn) zu Grunde zu legen. Die nach den Gleichungen in Satz 2 oder 4 bestimmte W\u00e4rmemenge (Q) ist<\/span><\/p>\n<p><span style=\"font-family: arial, helvetica, sans-serif; color: #000000;\"><strong>1.<\/strong><\/span><\/p>\n<p><span style=\"font-family: arial, helvetica, sans-serif; color: #000000;\">bei brennwertbezogener Abrechnung von Erdgas\u00a0mit 1,11\u00a0zu multiplizieren und<\/span><\/p>\n<p><span style=\"font-family: arial, helvetica, sans-serif; color: #000000;\"><strong>2.<\/strong><\/span><\/p>\n<p><span style=\"font-family: arial, helvetica, sans-serif; color: #000000;\">bei eigenst\u00e4ndiger gewerblicher W\u00e4rmelieferung durch 1,15 zu dividieren.<\/span><\/p>\n<p><span style=\"font-family: arial, helvetica, sans-serif; color: #000000;\">(3) Bei Anlagen mit Heizkesseln ist der Brennstoffverbrauch der zentralen Warmwasserversorgungsanlage (B) in Litern, Kubikmetern, Kilogramm oder Sch\u00fcttraummetern nach der Gleichung<\/span><\/p>\n<table width=\"100%\">\n<tbody>\n<tr>\n<td rowspan=\"2\" width=\"248\"><span style=\"font-family: arial, helvetica, sans-serif; color: #000000;\">B =<\/span><\/td>\n<td width=\"136\"><span style=\"font-family: arial, helvetica, sans-serif; color: #000000;\">Q<\/span><\/td>\n<td rowspan=\"2\" width=\"258\">&nbsp;<\/td>\n<\/tr>\n<tr>\n<td width=\"136\"><span style=\"font-family: arial, helvetica, sans-serif; color: #000000;\">Hi<\/span><\/td>\n<\/tr>\n<\/tbody>\n<\/table>\n<p><span style=\"font-family: arial, helvetica, sans-serif; color: #000000;\">zu bestimmen. Dabei sind zu Grunde zu legen<\/span><\/p>\n<p><span style=\"font-family: arial, helvetica, sans-serif; color: #000000;\"><strong>1.<\/strong><\/span><\/p>\n<p><span style=\"font-family: arial, helvetica, sans-serif; color: #000000;\">die auf die zentrale Warmwasserversorgungsanlage entfallende W\u00e4rmemenge (Q) nach Absatz 2 in kWh;<\/span><\/p>\n<p><span style=\"font-family: arial, helvetica, sans-serif; color: #000000;\"><strong>2.<\/strong><\/span><\/p>\n<p><span style=\"font-family: arial, helvetica, sans-serif; color: #000000;\">der Heizwert des verbrauchten Brennstoffes (Hi) in Kilowattstunden (kWh) je Liter (l), Kubikmeter (m3), Kilogramm (kg) oder Sch\u00fcttraummeter (SRm). Als Hi-Werte k\u00f6nnen verwendet werden f\u00fcr<\/span><\/p>\n<table width=\"218\">\n<tbody>\n<tr>\n<td width=\"133\"><span style=\"font-family: arial, helvetica, sans-serif; color: #000000;\">Leichtes Heiz\u00f6l EL<\/span><\/td>\n<td width=\"38\"><span style=\"font-family: arial, helvetica, sans-serif; color: #000000;\">10<\/span><\/td>\n<td width=\"47\"><span style=\"font-family: arial, helvetica, sans-serif; color: #000000;\">kWh\/l<\/span><\/td>\n<\/tr>\n<tr>\n<td width=\"133\"><span style=\"font-family: arial, helvetica, sans-serif; color: #000000;\">Schweres Heiz\u00f6l<\/span><\/td>\n<td width=\"38\"><span style=\"font-family: arial, helvetica, sans-serif; color: #000000;\">10,9<\/span><\/td>\n<td width=\"47\"><span style=\"font-family: arial, helvetica, sans-serif; color: #000000;\">kWh\/l<\/span><\/td>\n<\/tr>\n<tr>\n<td width=\"133\"><span style=\"font-family: arial, helvetica, sans-serif; color: #000000;\">Erdgas H<\/span><\/td>\n<td width=\"38\"><span style=\"font-family: arial, helvetica, sans-serif; color: #000000;\">10<\/span><\/td>\n<td width=\"47\"><span style=\"font-family: arial, helvetica, sans-serif; color: #000000;\">kWh\/m3<\/span><\/td>\n<\/tr>\n<tr>\n<td width=\"133\"><span style=\"font-family: arial, helvetica, sans-serif; color: #000000;\">Erdgas L<\/span><\/td>\n<td width=\"38\"><span style=\"font-family: arial, helvetica, sans-serif; color: #000000;\">9<\/span><\/td>\n<td width=\"47\"><span style=\"font-family: arial, helvetica, sans-serif; color: #000000;\">kWh\/m3<\/span><\/td>\n<\/tr>\n<tr>\n<td width=\"133\"><span style=\"font-family: arial, helvetica, sans-serif; color: #000000;\">Fl\u00fcssiggas<\/span><\/td>\n<td width=\"38\"><span style=\"font-family: arial, helvetica, sans-serif; color: #000000;\">13<\/span><\/td>\n<td width=\"47\"><span style=\"font-family: arial, helvetica, sans-serif; color: #000000;\">kWh\/kg<\/span><\/td>\n<\/tr>\n<tr>\n<td width=\"133\"><span style=\"font-family: arial, helvetica, sans-serif; color: #000000;\">Koks<\/span><\/td>\n<td width=\"38\"><span style=\"font-family: arial, helvetica, sans-serif; color: #000000;\">8<\/span><\/td>\n<td width=\"47\"><span style=\"font-family: arial, helvetica, sans-serif; color: #000000;\">kWh\/kg<\/span><\/td>\n<\/tr>\n<tr>\n<td width=\"133\"><span style=\"font-family: arial, helvetica, sans-serif; color: #000000;\">Braunkohle<\/span><\/td>\n<td width=\"38\"><span style=\"font-family: arial, helvetica, sans-serif; color: #000000;\">5,5<\/span><\/td>\n<td width=\"47\"><span style=\"font-family: arial, helvetica, sans-serif; color: #000000;\">kWh\/kg<\/span><\/td>\n<\/tr>\n<tr>\n<td width=\"133\"><span style=\"font-family: arial, helvetica, sans-serif; color: #000000;\">Steinkohle<\/span><\/td>\n<td width=\"38\"><span style=\"font-family: arial, helvetica, sans-serif; color: #000000;\">8<\/span><\/td>\n<td width=\"47\"><span style=\"font-family: arial, helvetica, sans-serif; color: #000000;\">kWh\/kg<\/span><\/td>\n<\/tr>\n<tr>\n<td width=\"133\"><span style=\"font-family: arial, helvetica, sans-serif; color: #000000;\">Holz (lufttrocken)<\/span><\/td>\n<td width=\"38\"><span style=\"font-family: arial, helvetica, sans-serif; color: #000000;\">4,1<\/span><\/td>\n<td width=\"47\"><span style=\"font-family: arial, helvetica, sans-serif; color: #000000;\">kWh\/kg<\/span><\/td>\n<\/tr>\n<tr>\n<td width=\"133\"><span style=\"font-family: arial, helvetica, sans-serif; color: #000000;\">Holzpellets<\/span><\/td>\n<td width=\"38\"><span style=\"font-family: arial, helvetica, sans-serif; color: #000000;\">5<\/span><\/td>\n<td width=\"47\"><span style=\"font-family: arial, helvetica, sans-serif; color: #000000;\">kWh\/kg<\/span><\/td>\n<\/tr>\n<tr>\n<td width=\"133\"><span style=\"font-family: arial, helvetica, sans-serif; color: #000000;\">Holzhackschnitzel<\/span><\/td>\n<td width=\"38\"><span style=\"font-family: arial, helvetica, sans-serif; color: #000000;\">650<\/span><\/td>\n<td width=\"47\"><span style=\"font-family: arial, helvetica, sans-serif; color: #000000;\">kWh\/SRm.<\/span><\/td>\n<\/tr>\n<\/tbody>\n<\/table>\n<p><span style=\"font-family: arial, helvetica, sans-serif; color: #000000;\">Enthalten die Abrechnungsunterlagen des Energieversorgungsunternehmens oder Brennstofflieferanten Hi-Werte, so sind diese zu verwenden. Soweit die Abrechnung \u00fcber kWh-Werte erfolgt, ist eine Umrechnung in Brennstoffverbrauch nicht erforderlich.<\/span><\/p>\n<p><span style=\"font-family: arial, helvetica, sans-serif; color: #000000;\">(4) Der Anteil an den Kosten der Versorgung mit W\u00e4rme ist nach \u00a7 7 Absatz 1, der Anteil an den Kosten der Versorgung mit Warmwasser nach \u00a7 8 Absatz 1 zu verteilen, soweit diese Verordnung nichts anderes bestimmt oder zul\u00e4sst.<\/span><\/p>\n<p>&nbsp;<\/p>\n<h3><span style=\"font-family: arial, helvetica, sans-serif; color: #000000;\">\u00a7 9a\u00a0Kostenverteilung in Sonderf\u00e4llen<\/span><\/h3>\n<p><span style=\"font-family: arial, helvetica, sans-serif; color: #000000;\">(1) Kann der anteilige W\u00e4rme- oder Warmwasserverbrauch von Nutzern f\u00fcr einen Abrechnungszeitraum wegen Ger\u00e4teausfalls oder aus anderen zwingenden Gr\u00fcnden nicht ordnungsgem\u00e4\u00df erfasst werden, ist er vom Geb\u00e4udeeigent\u00fcmer auf der Grundlage des Verbrauchs der betroffenen R\u00e4ume in vergleichbaren Zeitr\u00e4umen oder des Verbrauchs vergleichbarer anderer R\u00e4ume im jeweiligen Abrechnungszeitraum oder des Durchschnittsverbrauchs des Geb\u00e4udes oder der Nutzergruppe zu ermitteln. Der so ermittelte anteilige Verbrauch ist bei der Kostenverteilung anstelle des erfassten Verbrauchs zu Grunde zu legen.<\/span><\/p>\n<p><span style=\"font-family: arial, helvetica, sans-serif; color: #000000;\">(2) \u00dcberschreitet die von der Verbrauchsermittlung nach Absatz 1 betroffene Wohn- oder Nutzfl\u00e4che oder der umbaute Raum 25 vom Hundert der f\u00fcr die Kostenverteilung ma\u00dfgeblichen gesamten Wohn- oder Nutzfl\u00e4che oder des ma\u00dfgeblichen gesamten umbauten Raumes, sind die Kosten ausschlie\u00dflich nach den nach \u00a7 7 Absatz 1 Satz 5 und \u00a7 8 Absatz 1 f\u00fcr die Verteilung der \u00fcbrigen Kosten zu Grunde zu legenden Ma\u00dfst\u00e4ben zu verteilen.<\/span><\/p>\n<p>&nbsp;<\/p>\n<h3><span style=\"font-family: arial, helvetica, sans-serif; color: #000000;\">\u00a7 9b\u00a0Kostenaufteilung bei Nutzerwechsel<\/span><\/h3>\n<p><span style=\"font-family: arial, helvetica, sans-serif; color: #000000;\">(1) Bei Nutzerwechsel innerhalb eines Abrechnungszeitraumes hat der Geb\u00e4udeeigent\u00fcmer eine Ablesung der Ausstattung zur Verbrauchserfassung der vom Wechsel betroffenen R\u00e4ume (Zwischenablesung) vorzunehmen.<\/span><\/p>\n<p><span style=\"font-family: arial, helvetica, sans-serif; color: #000000;\">(2) Die nach dem erfassten Verbrauch zu verteilenden Kosten sind auf der Grundlage der Zwischenablesung, die \u00fcbrigen Kosten des W\u00e4rmeverbrauchs auf der Grundlage der sich aus anerkannten Regeln der Technik ergebenden Gradtagszahlen oder zeitanteilig und die \u00fcbrigen Kosten des Warmwasserverbrauchs zeitanteilig auf Vor- und Nachnutzer aufzuteilen.<\/span><\/p>\n<p><span style=\"font-family: arial, helvetica, sans-serif; color: #000000;\">(3) Ist eine Zwischenablesung nicht m\u00f6glich oder l\u00e4sst sie wegen des Zeitpunktes des Nutzerwechsels aus technischen Gr\u00fcnden keine hinreichend genaue Ermittlung der Verbrauchsanteile zu, sind die gesamten Kosten nach den nach Absatz 2 f\u00fcr die \u00fcbrigen Kosten geltenden Ma\u00dfst\u00e4ben aufzuteilen.<\/span><\/p>\n<p><span style=\"font-family: arial, helvetica, sans-serif; color: #000000;\">(4) Von den Abs\u00e4tzen 1 bis 3 abweichende rechtsgesch\u00e4ftliche Bestimmungen bleiben unber\u00fchrt.<\/span><\/p>\n<p>&nbsp;<\/p>\n<h3><span style=\"font-family: arial, helvetica, sans-serif; color: #000000;\">\u00a7 10\u00a0\u00dcberschreitung der H\u00f6chsts\u00e4tze<\/span><\/h3>\n<p><span style=\"font-family: arial, helvetica, sans-serif; color: #000000;\">Rechtsgesch\u00e4ftliche Bestimmungen, die h\u00f6here als die in \u00a7 7 Absatz 1 und \u00a7 8 Absatz 1 genannten H\u00f6chsts\u00e4tze von 70 vom Hundert vorsehen, bleiben unber\u00fchrt.<\/span><\/p>\n<p>&nbsp;<\/p>\n<h3><span style=\"font-family: arial, helvetica, sans-serif; color: #000000;\">\u00a7 11\u00a0Ausnahmen<\/span><\/h3>\n<p><span style=\"font-family: arial, helvetica, sans-serif; color: #000000;\">(1) Soweit sich die \u00a7\u00a7 3 bis 7 auf die Versorgung mit W\u00e4rme beziehen, sind sie nicht anzuwenden<\/span><\/p>\n<p><span style=\"font-family: arial, helvetica, sans-serif; color: #000000;\"><strong>1.<\/strong><\/span><\/p>\n<p><span style=\"font-family: arial, helvetica, sans-serif; color: #000000;\">auf R\u00e4ume,<\/span><\/p>\n<p><span style=\"font-family: arial, helvetica, sans-serif; color: #000000;\"><strong>a)<\/strong><\/span><\/p>\n<p><span style=\"font-family: arial, helvetica, sans-serif; color: #000000;\">in Geb\u00e4uden, die einen Heizw\u00e4rmebedarf von weniger als 15 kWh\/(m2\u00a0\u00b7\u00a0a) aufweisen,<\/span><\/p>\n<p><span style=\"font-family: arial, helvetica, sans-serif; color: #000000;\"><strong>b)<\/strong><\/span><\/p>\n<p><span style=\"font-family: arial, helvetica, sans-serif; color: #000000;\">bei denen das Anbringen der Ausstattung zur Verbrauchserfassung, die Erfassung des W\u00e4rmeverbrauchs oder die Verteilung der Kosten des W\u00e4rmeverbrauchs nicht oder nur mit unverh\u00e4ltnism\u00e4\u00dfig hohen Kosten m\u00f6glich ist; unverh\u00e4ltnism\u00e4\u00dfig hohe Kosten liegen vor, wenn diese nicht durch die Einsparungen, die in der Regel innerhalb von zehn Jahren erzielt werden k\u00f6nnen, erwirtschaftet werden k\u00f6nnen; oder<\/span><\/p>\n<p><span style=\"font-family: arial, helvetica, sans-serif; color: #000000;\"><strong>c)<\/strong><\/span><\/p>\n<p><span style=\"font-family: arial, helvetica, sans-serif; color: #000000;\">die vor dem 1. Juli 1981 bezugsfertig geworden sind und in denen der Nutzer den W\u00e4rmeverbrauch nicht beeinflussen kann;<\/span><\/p>\n<p><span style=\"font-family: arial, helvetica, sans-serif; color: #000000;\"><strong>2.<\/strong><\/span><\/p>\n<p><span style=\"font-family: arial, helvetica, sans-serif; color: #000000;\"><strong>a)<\/strong><\/span><\/p>\n<p><span style=\"font-family: arial, helvetica, sans-serif; color: #000000;\">auf Alters- und Pflegeheime, Studenten- und Lehrlingsheime,<\/span><\/p>\n<p><span style=\"font-family: arial, helvetica, sans-serif; color: #000000;\"><strong>b)<\/strong><\/span><\/p>\n<p><span style=\"font-family: arial, helvetica, sans-serif; color: #000000;\">auf vergleichbare Geb\u00e4ude oder Geb\u00e4udeteile, deren Nutzung Personengruppen vorbehalten ist, mit denen wegen ihrer besonderen pers\u00f6nlichen Verh\u00e4ltnisse regelm\u00e4\u00dfig keine \u00fcblichen Mietvertr\u00e4ge abgeschlossen werden;<\/span><\/p>\n<p><span style=\"font-family: arial, helvetica, sans-serif; color: #000000;\"><strong>3.<\/strong><\/span><\/p>\n<p><span style=\"font-family: arial, helvetica, sans-serif; color: #000000;\">auf R\u00e4ume in Geb\u00e4uden, die \u00fcberwiegend versorgt werden<\/span><\/p>\n<p><span style=\"font-family: arial, helvetica, sans-serif; color: #000000;\"><strong>a)<\/strong><\/span><\/p>\n<p><span style=\"font-family: arial, helvetica, sans-serif; color: #000000;\">mit W\u00e4rme aus Anlagen zur R\u00fcckgewinnung von W\u00e4rme oder aus W\u00e4rmepumpen- oder Solaranlagen oder<\/span><\/p>\n<p><span style=\"font-family: arial, helvetica, sans-serif; color: #000000;\"><strong>b)<\/strong><\/span><\/p>\n<p><span style=\"font-family: arial, helvetica, sans-serif; color: #000000;\">mit W\u00e4rme aus Anlagen der Kraft-W\u00e4rme-Kopplung oder aus Anlagen zur Verwertung von Abw\u00e4rme, sofern der W\u00e4rmeverbrauch des Geb\u00e4udes nicht erfasst wird;<\/span><\/p>\n<p><span style=\"font-family: arial, helvetica, sans-serif; color: #000000;\"><strong>4.<\/strong><\/span><\/p>\n<p><span style=\"font-family: arial, helvetica, sans-serif; color: #000000;\">auf die Kosten des Betriebs der zugeh\u00f6rigen Hausanlagen, soweit diese Kosten in den F\u00e4llen des \u00a7 1 Absatz 3 nicht in den Kosten der W\u00e4rmelieferung enthalten sind, sondern vom Geb\u00e4udeeigent\u00fcmer gesondert abgerechnet werden;<\/span><\/p>\n<p><span style=\"font-family: arial, helvetica, sans-serif; color: #000000;\"><strong>5.<\/strong><\/span><\/p>\n<p><span style=\"font-family: arial, helvetica, sans-serif; color: #000000;\">in sonstigen Einzelf\u00e4llen, in denen die nach Landesrecht zust\u00e4ndige Stelle wegen besonderer Umst\u00e4nde von den Anforderungen dieser Verordnung befreit hat, um einen unangemessenen Aufwand oder sonstige unbillige H\u00e4rten zu vermeiden.<\/span><\/p>\n<p><span style=\"font-family: arial, helvetica, sans-serif; color: #000000;\">(2) Soweit sich die \u00a7\u00a7 3 bis 6 und \u00a7 8 auf die Versorgung mit Warmwasser beziehen, gilt Absatz 1 entsprechend.<\/span><\/p>\n<p>&nbsp;<\/p>\n<h3><span style=\"font-family: arial, helvetica, sans-serif; color: #000000;\">\u00a7 12\u00a0K\u00fcrzungsrecht, \u00dcbergangsregelung<\/span><\/h3>\n<p><span style=\"font-family: arial, helvetica, sans-serif; color: #000000;\">(1) Soweit die Kosten der Versorgung mit W\u00e4rme oder Warmwasser entgegen den Vorschriften dieser Verordnung nicht verbrauchsabh\u00e4ngig abgerechnet werden, hat der Nutzer das Recht, bei der nicht verbrauchsabh\u00e4ngigen Abrechnung der Kosten den auf ihn entfallenden Anteil um 15 vom Hundert zu k\u00fcrzen. Dies gilt nicht beim Wohnungseigentum im Verh\u00e4ltnis des einzelnen Wohnungseigent\u00fcmers zur Gemeinschaft der Wohnungseigent\u00fcmer; insoweit verbleibt es bei den allgemeinen Vorschriften.<\/span><\/p>\n<p><span style=\"font-family: arial, helvetica, sans-serif; color: #000000;\">(2) Die Anforderungen des \u00a7 5 Absatz 1 Satz 2 gelten bis zum 31. Dezember 2013 als erf\u00fcllt<\/span><\/p>\n<p><span style=\"font-family: arial, helvetica, sans-serif; color: #000000;\"><strong>1.<\/strong><\/span><\/p>\n<p><span style=\"font-family: arial, helvetica, sans-serif; color: #000000;\">f\u00fcr die am 1. Januar 1987 f\u00fcr die Erfassung des anteiligen Warmwasserverbrauchs vorhandenen Warmwasserkostenverteiler und<\/span><\/p>\n<p><span style=\"font-family: arial, helvetica, sans-serif; color: #000000;\"><strong>2.<\/strong><\/span><\/p>\n<p><span style=\"font-family: arial, helvetica, sans-serif; color: #000000;\">f\u00fcr die am 1. Juli 1981 bereits vorhandenen sonstigen Ausstattungen zur Verbrauchserfassung.<\/span><\/p>\n<p><span style=\"font-family: arial, helvetica, sans-serif; color: #000000;\">(3) Bei preisgebundenen Wohnungen im Sinne der Neubaumietenverordnung 1970 gilt Absatz 2 mit der Ma\u00dfgabe, dass an die Stelle des Datums \u201e1. Juli 1981\u201c das Datum \u201e1. August 1984\u201c tritt.<\/span><\/p>\n<p><span style=\"font-family: arial, helvetica, sans-serif; color: #000000;\">(4) \u00a7 1 Absatz 3, \u00a7 4 Absatz 3 Satz 2 und \u00a7 6 Absatz 3 gelten f\u00fcr Abrechnungszeitr\u00e4ume, die nach dem 30. September 1989 beginnen; rechtsgesch\u00e4ftliche Bestimmungen \u00fcber eine fr\u00fchere Anwendung dieser Vorschriften bleiben unber\u00fchrt.<\/span><\/p>\n<p><span style=\"font-family: arial, helvetica, sans-serif; color: #000000;\">(5) Wird in den F\u00e4llen des \u00a7 1 Absatz 3 der W\u00e4rmeverbrauch der einzelnen Nutzer am 30. September 1989 mit Einrichtungen zur Messung der Wassermenge ermittelt, gilt die Anforderung des \u00a7 5 Absatz 1 Satz 1 als erf\u00fcllt.<\/span><\/p>\n<p><span style=\"font-family: arial, helvetica, sans-serif; color: #000000;\">(6) Auf Abrechnungszeitr\u00e4ume, die vor dem 1. Januar 2009 begonnen haben, ist diese Verordnung in der bis zum 31. Dezember 2008 geltenden Fassung weiter anzuwenden.<\/span><\/p>\n<p>&nbsp;<\/p>\n<h3><span style=\"font-family: arial, helvetica, sans-serif; color: #000000;\">\u00a7 13\u00a0(Berlin-Klausel)<\/span><\/h3>\n<p>&nbsp;<\/p>\n<h3><span style=\"font-family: arial, helvetica, sans-serif; color: #000000;\">\u00a7 14\u00a0(Inkrafttreten)<\/span><\/h3>\n<p>&nbsp;<\/p>\n<h3><span style=\"font-family: arial, helvetica, sans-serif; color: #000000;\">Anhang EV\u00a0Auszug aus EinigVtr Anlage I Kapitel V Sachgebiet D Abschnitt III<\/span><br \/>\n<span style=\"font-family: arial, helvetica, sans-serif; color: #000000;\">(BGBl. II 1990, 889, 1007)<\/span><br \/>\n<span style=\"font-family: arial, helvetica, sans-serif; color: #000000;\">\u2013 Ma\u00dfgaben f\u00fcr das beigetretene Gebiet (Art. 3 EinigVtr) \u2013<\/span><\/h3>\n<p><span style=\"font-family: arial, helvetica, sans-serif; color: #000000;\">Abschnitt III<\/span><br \/>\n<span style=\"font-family: arial, helvetica, sans-serif; color: #000000;\">Bundesrecht tritt in dem in Artikel 3 des Vertrages genannten Gebiet mit folgenden Ma\u00dfgaben in Kraft:<\/span><br \/>\n<span style=\"font-family: arial, helvetica, sans-serif; color: #000000;\">\u2026<\/span><br \/>\n<span style=\"font-family: arial, helvetica, sans-serif; color: #000000;\">Verordnung \u00fcber Heizkostenabrechnung in der Fassung der Bekanntmachung vom 20. Januar 1989 (BGBl. I S. 115)<\/span><br \/>\n<span style=\"font-family: arial, helvetica, sans-serif; color: #000000;\">mit folgenden Ma\u00dfgaben:<\/span><\/p>\n<p><span style=\"font-family: arial, helvetica, sans-serif; color: #000000;\"><strong>a)<\/strong><\/span><\/p>\n<p><span style=\"font-family: arial, helvetica, sans-serif; color: #000000;\">Die Verordnung tritt zum 1. Januar 1991 in Kraft. Bis zum 31. Dezember 1990 kann in dem in Artikel 3 des Vertrages genannten Gebiet nach den bisherigen Regeln verfahren werden.<\/span><\/p>\n<p><span style=\"font-family: arial, helvetica, sans-serif; color: #000000;\"><strong>b)<\/strong><\/span><\/p>\n<p><span style=\"font-family: arial, helvetica, sans-serif; color: #000000;\">R\u00e4ume, die vor dem 1. Januar 1991 bezugsfertig geworden sind und in denen die nach der Verordnung erforderliche Ausstattung zur Verbrauchserfassung noch nicht vorhanden ist, sind bis sp\u00e4testens zum 31. Dezember 1995 auszustatten. Der Geb\u00e4udeeigent\u00fcmer ist berechtigt, die Ausstattung bereits vor dem 31. Dezember 1995 anzubringen.<\/span><\/p>\n<p><span style=\"font-family: arial, helvetica, sans-serif; color: #000000;\"><strong>c)<\/strong><\/span><\/p>\n<p><span style=\"font-family: arial, helvetica, sans-serif; color: #000000;\">Soweit und solange die nach Landesrecht zust\u00e4ndigen Beh\u00f6rden des in Artikel 3 des Vertrages genannten Gebietes noch nicht die Eignung sachverst\u00e4ndiger Stellen gem\u00e4\u00df \u00a7 5 Abs. 1 Satz 2 und 3 der Verordnung best\u00e4tigt haben, k\u00f6nnen Ausstattungen zur Verbrauchserfassung verwendet werden f\u00fcr die eine sachverst\u00e4ndige Stelle aus dem Gebiet, in dem die Verordnung schon vor dem Beitritt gegolten hat, die Best\u00e4tigung im Sinne von \u00a7 5 Abs. 1 Satz 2 erteilt hat.<\/span><\/p>\n<p><span style=\"font-family: arial, helvetica, sans-serif; color: #000000;\"><strong>d)<\/strong><\/span><\/p>\n<p><span style=\"font-family: arial, helvetica, sans-serif; color: #000000;\">Als Heizwerte der verbrauchten Brennstoffe (Hu) nach \u00a7 9 Abs. 2 Ziff. 3 k\u00f6nnen auch verwendet werden:<\/span><\/p>\n<p><span style=\"font-family: arial, helvetica, sans-serif; color: #000000;\">\u00a0\u00a0\u00a0\u00a0\u00a0\u00a0\u00a0<span style=\"color: #3366ff;\"> Braunkohlenbrikett\u00a0\u00a0\u00a0\u00a0\u00a0\u00a0\u00a0\u00a0\u00a0\u00a0\u00a0\u00a0\u00a0 5,5 kWh\/kg<\/span><\/span><\/p>\n<p><span style=\"font-family: arial, helvetica, sans-serif; color: #3366ff;\">\u00a0\u00a0\u00a0\u00a0\u00a0\u00a0\u00a0 Braunkohlenhochtemperaturkoks\u00a0\u00a0 8,0 kWh\/kg<\/span><\/p>\n<p><span style=\"font-family: arial, helvetica, sans-serif; color: #000000;\"><strong>e)<\/strong><\/span><\/p>\n<p><span style=\"font-family: arial, helvetica, sans-serif; color: #000000;\">Die Vorschriften dieser Verordnung \u00fcber die Kostenverteilung gelten erstmalig f\u00fcr den Abrechnungszeitraum, der nach dem Anbringen der Ausstattung beginnt.<\/span><\/p>\n<p><span style=\"font-family: arial, helvetica, sans-serif; color: #000000;\"><strong>f)<\/strong><\/span><\/p>\n<ul>\n<li><span style=\"font-family: arial, helvetica, sans-serif; color: #000000;\">11 Abs. 1 Nr. 1 Buchstabe b) ist mit der Ma\u00dfgabe anzuwenden, da\u00df an die Stelle des Datums \u201e1. Juli 1981\u201c das Datum \u201e1. Januar 1991\u201c tritt.<\/span><\/li>\n<\/ul>\n<p><span style=\"font-family: arial, helvetica, sans-serif; color: #000000;\"><strong>g)<\/strong><\/span><\/p>\n<ul>\n<li><span style=\"font-family: arial, helvetica, sans-serif; color: #000000;\">12 Abs. 2 ist mit der Ma\u00dfgabe anzuwenden, da\u00df an die Stelle der Daten \u201e1. Januar 1987\u201c und \u201e1. Juli 1981\u201c jeweils das Datum \u201e1. Januar 1991\u201c tritt.<\/span><\/li>\n<\/ul>\n<p>&nbsp;<\/p>\n<p><span style=\"font-family: arial, helvetica, sans-serif; color: #000000;\">Quelle: Bundesministerium der Justiz und f\u00fcr Verbraucherschutz: Gesetze im Internet \u2013 URL\u00a0<a style=\"color: #000000;\" href=\"http:\/\/www.gesetze-im-internet.de\/\">www.gesetze-im-internet.de<\/a><\/span><\/p>\n<p><span style=\"font-family: arial, helvetica, sans-serif; color: #000000;\">Diensteanbieter im Sinne des TMG ist die Bundesrepublik Deutschland, vertreten durch das Bundesministerium der Justiz und f\u00fcr Verbraucherschutz, vertreten durch den Bundesminister der Justiz und f\u00fcr Verbraucherschutz (Mohrenstra\u00dfe 37 10117 Berlin Tel.: 0 30 \/ 18 580-0 Fax: 0 30 \/ 18 580-95 25) \u2013\u00a0<a style=\"color: #000000;\" href=\"http:\/\/www.bmjv.bund.de\/\">www.bmjv.bund.de<\/a>.<\/span><\/p>\n","protected":false},"excerpt":{"rendered":"<p>Verordnung \u00fcber die verbrauchsabh\u00e4ngige Abrechnung der Heiz- und Warmwasserkosten\u00a0(Verordnung \u00fcber Heizkostenabrechnung \u2013 HeizkostenV) HeizkostenV Ausfertigungsdatum: 23.02.1981 Vollzitat: \u201eVerordnung \u00fcber Heizkostenabrechnung in der Fassung der Bekanntmachung vom 5. Oktober 2009 (BGBl. I S. 3250)\u201c Stand: Neugefasst durch Bek. v. 5.10.2009 I 3250 N\u00e4heres zur Standangabe finden Sie im Men\u00fc unter &nbsp; Fu\u00dfnote (+++ Textnachweis Geltung ab: [&hellip;]<\/p>\n","protected":false},"author":1,"featured_media":0,"parent":0,"menu_order":0,"comment_status":"closed","ping_status":"closed","template":"","meta":{"ocean_post_layout":"full-width","ocean_both_sidebars_style":"","ocean_both_sidebars_content_width":0,"ocean_both_sidebars_sidebars_width":0,"ocean_sidebar":"0","ocean_second_sidebar":"0","ocean_disable_margins":"enable","ocean_add_body_class":"","ocean_shortcode_before_top_bar":"","ocean_shortcode_after_top_bar":"","ocean_shortcode_before_header":"","ocean_shortcode_after_header":"","ocean_has_shortcode":"","ocean_shortcode_after_title":"","ocean_shortcode_before_footer_widgets":"","ocean_shortcode_after_footer_widgets":"","ocean_shortcode_before_footer_bottom":"","ocean_shortcode_after_footer_bottom":"","ocean_display_top_bar":"default","ocean_display_header":"default","ocean_header_style":"","ocean_center_header_left_menu":"0","ocean_custom_header_template":"0","ocean_custom_logo":0,"ocean_custom_retina_logo":0,"ocean_custom_logo_max_width":0,"ocean_custom_logo_tablet_max_width":0,"ocean_custom_logo_mobile_max_width":0,"ocean_custom_logo_max_height":0,"ocean_custom_logo_tablet_max_height":0,"ocean_custom_logo_mobile_max_height":0,"ocean_header_custom_menu":"0","ocean_menu_typo_font_family":"0","ocean_menu_typo_font_subset":"","ocean_menu_typo_font_size":0,"ocean_menu_typo_font_size_tablet":0,"ocean_menu_typo_font_size_mobile":0,"ocean_menu_typo_font_size_unit":"px","ocean_menu_typo_font_weight":"","ocean_menu_typo_font_weight_tablet":"","ocean_menu_typo_font_weight_mobile":"","ocean_menu_typo_transform":"","ocean_menu_typo_transform_tablet":"","ocean_menu_typo_transform_mobile":"","ocean_menu_typo_line_height":0,"ocean_menu_typo_line_height_tablet":0,"ocean_menu_typo_line_height_mobile":0,"ocean_menu_typo_line_height_unit":"","ocean_menu_typo_spacing":0,"ocean_menu_typo_spacing_tablet":0,"ocean_menu_typo_spacing_mobile":0,"ocean_menu_typo_spacing_unit":"","ocean_menu_link_color":"","ocean_menu_link_color_hover":"","ocean_menu_link_color_active":"","ocean_menu_link_background":"","ocean_menu_link_hover_background":"","ocean_menu_link_active_background":"","ocean_menu_social_links_bg":"","ocean_menu_social_hover_links_bg":"","ocean_menu_social_links_color":"","ocean_menu_social_hover_links_color":"","ocean_disable_title":"default","ocean_disable_heading":"default","ocean_post_title":"","ocean_post_subheading":"","ocean_post_title_style":"","ocean_post_title_background_color":"","ocean_post_title_background":0,"ocean_post_title_bg_image_position":"","ocean_post_title_bg_image_attachment":"","ocean_post_title_bg_image_repeat":"","ocean_post_title_bg_image_size":"","ocean_post_title_height":0,"ocean_post_title_bg_overlay":0.5,"ocean_post_title_bg_overlay_color":"","ocean_disable_breadcrumbs":"default","ocean_breadcrumbs_color":"","ocean_breadcrumbs_separator_color":"","ocean_breadcrumbs_links_color":"","ocean_breadcrumbs_links_hover_color":"","ocean_display_footer_widgets":"default","ocean_display_footer_bottom":"default","ocean_custom_footer_template":"0","footnotes":""},"class_list":["post-95","page","type-page","status-publish","hentry","entry"],"_links":{"self":[{"href":"https:\/\/fischer-messtechnik-2000.de\/index.php\/wp-json\/wp\/v2\/pages\/95","targetHints":{"allow":["GET"]}}],"collection":[{"href":"https:\/\/fischer-messtechnik-2000.de\/index.php\/wp-json\/wp\/v2\/pages"}],"about":[{"href":"https:\/\/fischer-messtechnik-2000.de\/index.php\/wp-json\/wp\/v2\/types\/page"}],"author":[{"embeddable":true,"href":"https:\/\/fischer-messtechnik-2000.de\/index.php\/wp-json\/wp\/v2\/users\/1"}],"replies":[{"embeddable":true,"href":"https:\/\/fischer-messtechnik-2000.de\/index.php\/wp-json\/wp\/v2\/comments?post=95"}],"version-history":[{"count":1,"href":"https:\/\/fischer-messtechnik-2000.de\/index.php\/wp-json\/wp\/v2\/pages\/95\/revisions"}],"predecessor-version":[{"id":97,"href":"https:\/\/fischer-messtechnik-2000.de\/index.php\/wp-json\/wp\/v2\/pages\/95\/revisions\/97"}],"wp:attachment":[{"href":"https:\/\/fischer-messtechnik-2000.de\/index.php\/wp-json\/wp\/v2\/media?parent=95"}],"curies":[{"name":"wp","href":"https:\/\/api.w.org\/{rel}","templated":true}]}}